{"id":483,"date":"2018-05-31T12:44:20","date_gmt":"2018-05-31T10:44:20","guid":{"rendered":"http:\/\/idealweb.fr\/demo\/wordpress\/?page_id=483"},"modified":"2018-07-19T11:13:52","modified_gmt":"2018-07-19T09:13:52","slug":"foyer-pour-adultes-handicapes-travailleurs","status":"publish","type":"page","link":"http:\/\/www.mariepire.fr\/index.php\/foyer-pour-adultes-handicapes-travailleurs\/","title":{"rendered":"Le Foyer pour Adultes Handicap\u00e9s Travailleurs"},"content":{"rendered":"<p>[et_pb_section bb_built=\u00a0\u00bb1&Prime; specialty=\u00a0\u00bboff\u00a0\u00bb _builder_version=\u00a0\u00bb3.2.2&Prime; gutter_width=\u00a0\u00bb2&Prime; next_background_color=\u00a0\u00bb#ffffff\u00a0\u00bb background_color_gradient_start=\u00a0\u00bb#47529c\u00a0\u00bb background_color_gradient_end=\u00a0\u00bb#55a3dd\u00a0\u00bb use_background_color_gradient=\u00a0\u00bbon\u00a0\u00bb][et_pb_row _builder_version=\u00a0\u00bb3.2.2&Prime; gutter_width=\u00a0\u00bb2&Prime;][et_pb_column type=\u00a0\u00bb4_4&Prime;][et_pb_post_title _builder_version=\u00a0\u00bb3.2.2&Prime; meta=\u00a0\u00bboff\u00a0\u00bb featured_image=\u00a0\u00bboff\u00a0\u00bb text_color=\u00a0\u00bblight\u00a0\u00bb title_font_size=\u00a0\u00bb60px\u00a0\u00bb \/][\/et_pb_column][\/et_pb_row][\/et_pb_section][et_pb_section bb_built=\u00a0\u00bb1&Prime; prev_background_color=\u00a0\u00bb#000000&Prime;][et_pb_row][et_pb_column type=\u00a0\u00bb4_4&Prime;][et_pb_text]<\/p>\n<p>Ces \u00e9tablissements assurent <strong>l&rsquo;h\u00e9bergement et l&rsquo;entretien de 28 personnes adultes handicap\u00e9es <\/strong>qui <strong>exercent une activit\u00e9 pendant la journ\u00e9e<\/strong>,<\/p>\n<ul>\n<li>en milieu ordinaire (de droit commun),<\/li>\n<li>dans un \u00e9tablissement ou un service d&rsquo;aide par le travail (ESAT, ex CAT :\u00a0centre d&rsquo;aide par le travail),<\/li>\n<li>ou dans une entreprise adapt\u00e9e c&rsquo;est-\u00e0-dire une structure sp\u00e9cialis\u00e9e (ex atelier prot\u00e9g\u00e9).<\/li>\n<\/ul>\n<p>Les foyers d&rsquo;h\u00e9bergement pour handicap\u00e9s travailleurs rel\u00e8vent des dispositions r\u00e9glementaires applicables aux \u00e9tablissements m\u00e9dico-sociaux.<\/p>\n<p>[\/et_pb_text][et_pb_image _builder_version=\u00a0\u00bb3.9&Prime; src=\u00a0\u00bbhttp:\/\/www.mariepire.fr\/wp-content\/uploads\/2018\/05\/B10.jpg\u00a0\u00bb \/][\/et_pb_column][\/et_pb_row][\/et_pb_section]<\/p>\n","protected":false},"excerpt":{"rendered":"<p>[et_pb_section bb_built=\u00a0\u00bb1&Prime; specialty=\u00a0\u00bboff\u00a0\u00bb _builder_version=\u00a0\u00bb3.2.2&Prime; gutter_width=\u00a0\u00bb2&Prime; next_background_color=\u00a0\u00bb#ffffff\u00a0\u00bb background_color_gradient_start=\u00a0\u00bb#47529c\u00a0\u00bb background_color_gradient_end=\u00a0\u00bb#55a3dd\u00a0\u00bb use_background_color_gradient=\u00a0\u00bbon\u00a0\u00bb][et_pb_row _builder_version=\u00a0\u00bb3.2.2&Prime; gutter_width=\u00a0\u00bb2&Prime;][et_pb_column type=\u00a0\u00bb4_4&Prime;][et_pb_post_title _builder_version=\u00a0\u00bb3.2.2&Prime; meta=\u00a0\u00bboff\u00a0\u00bb featured_image=\u00a0\u00bboff\u00a0\u00bb text_color=\u00a0\u00bblight\u00a0\u00bb title_font_size=\u00a0\u00bb60px\u00a0\u00bb \/][\/et_pb_column][\/et_pb_row][\/et_pb_section][et_pb_section bb_built=\u00a0\u00bb1&Prime; prev_background_color=\u00a0\u00bb#000000&Prime;][et_pb_row][et_pb_column type=\u00a0\u00bb4_4&Prime;][et_pb_text] Ces \u00e9tablissements assurent l&rsquo;h\u00e9bergement et l&rsquo;entretien de 28 personnes adultes handicap\u00e9es qui exercent une activit\u00e9 pendant la journ\u00e9e, en milieu ordinaire (de droit commun), dans un \u00e9tablissement ou un service d&rsquo;aide par le travail [&hellip;]<\/p>\n","protected":false},"author":4,"featured_media":0,"parent":0,"menu_order":0,"comment_status":"closed","ping_status":"closed","template":"","meta":{"_et_pb_use_builder":"on","_et_pb_old_content":"<p>Ces \u00e9tablissements assurent <strong>l'h\u00e9bergement et l'entretien de 28 personnes adultes handicap\u00e9es <\/strong>qui <strong>exercent une activit\u00e9 pendant la journ\u00e9e<\/strong>,<\/p><ul><li>en milieu ordinaire (de droit commun),<\/li><li>dans un \u00e9tablissement ou un service d'aide par le travail (ESAT, ex CAT :\u00a0centre d'aide par le travail),<\/li><li>ou dans une entreprise adapt\u00e9e c'est-\u00e0-dire une structure sp\u00e9cialis\u00e9e (ex atelier prot\u00e9g\u00e9).<\/li><\/ul><p>Les foyers d'h\u00e9bergement pour handicap\u00e9s travailleurs rel\u00e8vent des dispositions r\u00e9glementaires applicables aux \u00e9tablissements m\u00e9dico-sociaux.<\/p>","_et_gb_content_width":""},"yoast_head":"<!-- This site is optimized with the Yoast SEO plugin v15.7 - https:\/\/yoast.com\/wordpress\/plugins\/seo\/ -->\n<title>Le Foyer pour Adultes Handicap\u00e9s Travailleurs - Association Marie Pire<\/title>\n<meta name=\"robots\" content=\"index, follow, max-snippet:-1, max-image-preview:large, max-video-preview:-1\" \/>\n<link rel=\"canonical\" href=\"http:\/\/www.mariepire.fr\/index.php\/foyer-pour-adultes-handicapes-travailleurs\/\" \/>\n<meta property=\"og:locale\" content=\"fr_FR\" \/>\n<meta property=\"og:type\" content=\"article\" \/>\n<meta property=\"og:title\" content=\"Le Foyer pour Adultes Handicap\u00e9s Travailleurs - Association Marie Pire\" \/>\n<meta property=\"og:description\" content=\"[et_pb_section bb_built=\u00a0\u00bb1&Prime; specialty=\u00a0\u00bboff\u00a0\u00bb _builder_version=\u00a0\u00bb3.2.2&Prime; gutter_width=\u00a0\u00bb2&Prime; next_background_color=\u00a0\u00bb#ffffff\u00a0\u00bb background_color_gradient_start=\u00a0\u00bb#47529c\u00a0\u00bb background_color_gradient_end=\u00a0\u00bb#55a3dd\u00a0\u00bb use_background_color_gradient=\u00a0\u00bbon\u00a0\u00bb][et_pb_row _builder_version=\u00a0\u00bb3.2.2&Prime; gutter_width=\u00a0\u00bb2&Prime;][et_pb_column type=\u00a0\u00bb4_4&Prime;][et_pb_post_title _builder_version=\u00a0\u00bb3.2.2&Prime; meta=\u00a0\u00bboff\u00a0\u00bb featured_image=\u00a0\u00bboff\u00a0\u00bb text_color=\u00a0\u00bblight\u00a0\u00bb title_font_size=\u00a0\u00bb60px\u00a0\u00bb \/][\/et_pb_column][\/et_pb_row][\/et_pb_section][et_pb_section bb_built=\u00a0\u00bb1&Prime; prev_background_color=\u00a0\u00bb#000000&Prime;][et_pb_row][et_pb_column type=\u00a0\u00bb4_4&Prime;][et_pb_text] Ces \u00e9tablissements assurent l&rsquo;h\u00e9bergement et l&rsquo;entretien de 28 personnes adultes handicap\u00e9es qui exercent une activit\u00e9 pendant la journ\u00e9e, en milieu ordinaire (de droit commun), dans un \u00e9tablissement ou un service d&rsquo;aide par le travail [&hellip;]\" \/>\n<meta property=\"og:url\" content=\"http:\/\/www.mariepire.fr\/index.php\/foyer-pour-adultes-handicapes-travailleurs\/\" \/>\n<meta property=\"og:site_name\" content=\"Association Marie Pire\" \/>\n<meta property=\"article:modified_time\" content=\"2018-07-19T09:13:52+00:00\" \/>\n<meta name=\"twitter:card\" content=\"summary_large_image\" \/>\n<meta name=\"twitter:label1\" content=\"Dur\u00e9e de lecture est.\">\n\t<meta name=\"twitter:data1\" content=\"1 minute\">\n<script type=\"application\/ld+json\" class=\"yoast-schema-graph\">{\"@context\":\"https:\/\/schema.org\",\"@graph\":[{\"@type\":\"WebSite\",\"@id\":\"http:\/\/www.mariepire.fr\/#website\",\"url\":\"http:\/\/www.mariepire.fr\/\",\"name\":\"Association Marie Pire\",\"description\":\"\",\"potentialAction\":[{\"@type\":\"SearchAction\",\"target\":\"http:\/\/www.mariepire.fr\/?s={search_term_string}\",\"query-input\":\"required name=search_term_string\"}],\"inLanguage\":\"fr-FR\"},{\"@type\":\"WebPage\",\"@id\":\"http:\/\/www.mariepire.fr\/index.php\/foyer-pour-adultes-handicapes-travailleurs\/#webpage\",\"url\":\"http:\/\/www.mariepire.fr\/index.php\/foyer-pour-adultes-handicapes-travailleurs\/\",\"name\":\"Le Foyer pour Adultes Handicap\\u00e9s Travailleurs - Association Marie Pire\",\"isPartOf\":{\"@id\":\"http:\/\/www.mariepire.fr\/#website\"},\"datePublished\":\"2018-05-31T10:44:20+00:00\",\"dateModified\":\"2018-07-19T09:13:52+00:00\",\"inLanguage\":\"fr-FR\",\"potentialAction\":[{\"@type\":\"ReadAction\",\"target\":[\"http:\/\/www.mariepire.fr\/index.php\/foyer-pour-adultes-handicapes-travailleurs\/\"]}]}]}<\/script>\n<!-- \/ Yoast SEO plugin. -->","_links":{"self":[{"href":"http:\/\/www.mariepire.fr\/index.php\/wp-json\/wp\/v2\/pages\/483"}],"collection":[{"href":"http:\/\/www.mariepire.fr\/index.php\/wp-json\/wp\/v2\/pages"}],"about":[{"href":"http:\/\/www.mariepire.fr\/index.php\/wp-json\/wp\/v2\/types\/page"}],"author":[{"embeddable":true,"href":"http:\/\/www.mariepire.fr\/index.php\/wp-json\/wp\/v2\/users\/4"}],"replies":[{"embeddable":true,"href":"http:\/\/www.mariepire.fr\/index.php\/wp-json\/wp\/v2\/comments?post=483"}],"version-history":[{"count":1,"href":"http:\/\/www.mariepire.fr\/index.php\/wp-json\/wp\/v2\/pages\/483\/revisions"}],"predecessor-version":[{"id":649,"href":"http:\/\/www.mariepire.fr\/index.php\/wp-json\/wp\/v2\/pages\/483\/revisions\/649"}],"wp:attachment":[{"href":"http:\/\/www.mariepire.fr\/index.php\/wp-json\/wp\/v2\/media?parent=483"}],"curies":[{"name":"wp","href":"https:\/\/api.w.org\/{rel}","templated":true}]}}