{"id":262,"date":"2018-05-09T12:01:54","date_gmt":"2018-05-09T10:01:54","guid":{"rendered":"http:\/\/idealweb.fr\/demo\/wordpress\/?page_id=262"},"modified":"2018-07-19T11:14:42","modified_gmt":"2018-07-19T09:14:42","slug":"letablissement-et-service-daide-par-le-travail","status":"publish","type":"page","link":"http:\/\/www.mariepire.fr\/index.php\/letablissement-et-service-daide-par-le-travail\/","title":{"rendered":"L&rsquo;\u00c9tablissement et Service d&rsquo;Aide par le Travail"},"content":{"rendered":"<p>[et_pb_section bb_built=\u00a0\u00bb1&Prime; specialty=\u00a0\u00bboff\u00a0\u00bb _builder_version=\u00a0\u00bb3.2.2&Prime; gutter_width=\u00a0\u00bb2&Prime; next_background_color=\u00a0\u00bb#ffffff\u00a0\u00bb background_color_gradient_start=\u00a0\u00bb#47529c\u00a0\u00bb background_color_gradient_end=\u00a0\u00bb#55a3dd\u00a0\u00bb use_background_color_gradient=\u00a0\u00bbon\u00a0\u00bb][et_pb_row _builder_version=\u00a0\u00bb3.2.2&Prime; gutter_width=\u00a0\u00bb2&Prime;][et_pb_column type=\u00a0\u00bb4_4&Prime;][et_pb_post_title _builder_version=\u00a0\u00bb3.2.2&Prime; meta=\u00a0\u00bboff\u00a0\u00bb featured_image=\u00a0\u00bboff\u00a0\u00bb text_color=\u00a0\u00bblight\u00a0\u00bb title_font_size=\u00a0\u00bb60px\u00a0\u00bb \/][\/et_pb_column][\/et_pb_row][\/et_pb_section][et_pb_section bb_built=\u00a0\u00bb1&Prime; prev_background_color=\u00a0\u00bb#000000&Prime;][et_pb_row][et_pb_column type=\u00a0\u00bb4_4&Prime;][et_pb_text]<\/p>\n<div class=\"page\" title=\"Page 18\">\n<div class=\"section\">\n<div class=\"layoutArea\">\n<div class=\"column\">\n<p><strong>Un ESAT \u00c9tablissement et Service d\u2019Aide par le Travail <\/strong>est une structure de travail prot\u00e9g\u00e9, r\u00e9serv\u00e9e aux personnes handicap\u00e9es, permettant leur r\u00e9insertion sociale et professionnelle. L&rsquo;ESAT est \u00e0 la fois :<\/p>\n<ul>\n<li>une <strong>structure de mise au travail<\/strong> et donc peut \u00eatre consid\u00e9r\u00e9 comme une\u00a0entreprise ayant un r\u00f4le de production contribuant \u00e0 son budget.<\/li>\n<li>un <strong>\u00e9tablissement social<\/strong>, relevant des dispositions de la loi relative aux institutions sociales et m\u00e9dico-sociales et ayant un r\u00f4le de soutien m\u00e9dical et social<span style=\"font-size: 18px;\">.<\/span><\/li>\n<\/ul>\n<\/div>\n<\/div>\n<div class=\"layoutArea\">\n<div class=\"column\">\n<p>\u2022 <a href=\"http:\/\/www.mariepire.fr\/esat-4\/\">La blanchisserie<\/a><br \/>\n\u2022 <a href=\"http:\/\/www.mariepire.fr\/esat-4\/\">La cuisine centrale et un Resto\u2019Self<\/a><\/p>\n<p>\u2022 <a href=\"http:\/\/www.mariepire.fr\/esat-4\/\">Les espaces verts<\/a><br \/>\n\u2022 <a href=\"http:\/\/www.mariepire.fr\/esat-4\/\">Production<\/a><\/p>\n<\/div>\n<\/div>\n<div class=\"layoutArea\">\n<div class=\"column\">\n<p>Ces E.S.A.T. permettent un d\u00e9veloppement de comp\u00e9tences \u00e0 <strong>110 travailleurs handicap\u00e9s <\/strong>au travers d\u2019un accompagnement professionnel et social dans des domaines vari\u00e9s :\u00a0l\u2019am\u00e9nagement et l\u2019entretien d\u2019espaces verts, la fabrication de pi\u00e8ces m\u00e9caniques, le conditionnement, les assemblages m\u00e9caniques et \u00e9lectroniques, la m\u00e9cano-soudure, la blanchisserie, la cuisine centrale.<\/p>\n<p>Ils permettent aussi \u00e0 chaque personne accueillie une <strong>ouverture sur le monde de\u00a0l\u2019entreprise <\/strong>et un <strong>\u00e9quilibre tant physique que moral<\/strong>.<\/p>\n<\/div>\n<\/div>\n<\/div>\n<\/div>\n<p>[\/et_pb_text][et_pb_image _builder_version=\u00a0\u00bb3.9&Prime; src=\u00a0\u00bbhttp:\/\/www.mariepire.fr\/wp-content\/uploads\/2018\/05\/ev1.jpg\u00a0\u00bb \/][\/et_pb_column][\/et_pb_row][\/et_pb_section]<\/p>\n","protected":false},"excerpt":{"rendered":"<p>[et_pb_section bb_built=\u00a0\u00bb1&Prime; specialty=\u00a0\u00bboff\u00a0\u00bb _builder_version=\u00a0\u00bb3.2.2&Prime; gutter_width=\u00a0\u00bb2&Prime; next_background_color=\u00a0\u00bb#ffffff\u00a0\u00bb background_color_gradient_start=\u00a0\u00bb#47529c\u00a0\u00bb background_color_gradient_end=\u00a0\u00bb#55a3dd\u00a0\u00bb use_background_color_gradient=\u00a0\u00bbon\u00a0\u00bb][et_pb_row _builder_version=\u00a0\u00bb3.2.2&Prime; gutter_width=\u00a0\u00bb2&Prime;][et_pb_column type=\u00a0\u00bb4_4&Prime;][et_pb_post_title _builder_version=\u00a0\u00bb3.2.2&Prime; meta=\u00a0\u00bboff\u00a0\u00bb featured_image=\u00a0\u00bboff\u00a0\u00bb text_color=\u00a0\u00bblight\u00a0\u00bb title_font_size=\u00a0\u00bb60px\u00a0\u00bb \/][\/et_pb_column][\/et_pb_row][\/et_pb_section][et_pb_section bb_built=\u00a0\u00bb1&Prime; prev_background_color=\u00a0\u00bb#000000&Prime;][et_pb_row][et_pb_column type=\u00a0\u00bb4_4&Prime;][et_pb_text] Un ESAT \u00c9tablissement et Service d\u2019Aide par le Travail est une structure de travail prot\u00e9g\u00e9, r\u00e9serv\u00e9e aux personnes handicap\u00e9es, permettant leur r\u00e9insertion sociale et professionnelle. L&rsquo;ESAT est \u00e0 la fois : une structure de [&hellip;]<\/p>\n","protected":false},"author":4,"featured_media":0,"parent":0,"menu_order":0,"comment_status":"closed","ping_status":"closed","template":"","meta":{"_et_pb_use_builder":"on","_et_pb_old_content":"<div class=\"page\" title=\"Page 18\"><div class=\"section\"><div class=\"layoutArea\"><div class=\"column\"><p><strong>Un ESAT \u00c9tablissement et Service d\u2019Aide par le Travail <\/strong>est une structure de travail prot\u00e9g\u00e9, r\u00e9serv\u00e9e aux personnes handicap\u00e9es, permettant leur r\u00e9insertion sociale et professionnelle. L'ESAT est \u00e0 la fois :<\/p><ul><li>une <strong>structure de mise au travail<\/strong> et donc peut \u00eatre consid\u00e9r\u00e9 comme une\u00a0entreprise ayant un r\u00f4le de production contribuant \u00e0 son budget.<\/li><li>un <strong>\u00e9tablissement social<\/strong>, relevant des dispositions de la loi relative aux institutions sociales et m\u00e9dico-sociales et ayant un r\u00f4le de soutien m\u00e9dical et social<span style=\"font-size: 18px;\">.<\/span><\/li><\/ul><\/div><\/div><div class=\"layoutArea\"><div class=\"column\"><p>\u2022 <a href=\"http:\/\/www.mariepire.asso.fr\/esat-4\/\">La blanchisserie<\/a><br \/>\u2022 <a href=\"http:\/\/www.mariepire.asso.fr\/esat-4\/\">La cuisine centrale et un Resto\u2019Self<\/a><\/p><p>\u2022 <a href=\"http:\/\/www.mariepire.asso.fr\/esat-4\/\">Les espaces verts<\/a><br \/>\u2022 <a href=\"http:\/\/www.mariepire.asso.fr\/esat-4\/\">Production<\/a><\/p><\/div><\/div><div class=\"layoutArea\"><div class=\"column\"><p>Ces E.S.A.T. permettent un d\u00e9veloppement de comp\u00e9tences \u00e0 <strong>110 travailleurs handicap\u00e9s <\/strong>au travers d\u2019un accompagnement professionnel et social dans des domaines vari\u00e9s :\u00a0l\u2019am\u00e9nagement et l\u2019entretien d\u2019espaces verts, la fabrication de pi\u00e8ces m\u00e9caniques, le conditionnement, les assemblages m\u00e9caniques et \u00e9lectroniques, la m\u00e9cano-soudure, la blanchisserie, la cuisine centrale.<\/p><p>Ils permettent aussi \u00e0 chaque personne accueillie une <strong>ouverture sur le monde de\u00a0l\u2019entreprise <\/strong>et un <strong>\u00e9quilibre tant physique que moral<\/strong>.<\/p><\/div><\/div><\/div><\/div>","_et_gb_content_width":""},"yoast_head":"<!-- This site is optimized with the Yoast SEO plugin v15.7 - https:\/\/yoast.com\/wordpress\/plugins\/seo\/ -->\n<title>L&#039;\u00c9tablissement et Service d&#039;Aide par le Travail - Association Marie Pire<\/title>\n<meta name=\"robots\" content=\"index, follow, max-snippet:-1, max-image-preview:large, max-video-preview:-1\" \/>\n<link rel=\"canonical\" href=\"http:\/\/www.mariepire.fr\/index.php\/letablissement-et-service-daide-par-le-travail\/\" \/>\n<meta property=\"og:locale\" content=\"fr_FR\" \/>\n<meta property=\"og:type\" content=\"article\" \/>\n<meta property=\"og:title\" content=\"L&#039;\u00c9tablissement et Service d&#039;Aide par le Travail - Association Marie Pire\" \/>\n<meta property=\"og:description\" content=\"[et_pb_section bb_built=\u00a0\u00bb1&Prime; specialty=\u00a0\u00bboff\u00a0\u00bb _builder_version=\u00a0\u00bb3.2.2&Prime; gutter_width=\u00a0\u00bb2&Prime; next_background_color=\u00a0\u00bb#ffffff\u00a0\u00bb background_color_gradient_start=\u00a0\u00bb#47529c\u00a0\u00bb background_color_gradient_end=\u00a0\u00bb#55a3dd\u00a0\u00bb use_background_color_gradient=\u00a0\u00bbon\u00a0\u00bb][et_pb_row _builder_version=\u00a0\u00bb3.2.2&Prime; gutter_width=\u00a0\u00bb2&Prime;][et_pb_column type=\u00a0\u00bb4_4&Prime;][et_pb_post_title _builder_version=\u00a0\u00bb3.2.2&Prime; meta=\u00a0\u00bboff\u00a0\u00bb featured_image=\u00a0\u00bboff\u00a0\u00bb text_color=\u00a0\u00bblight\u00a0\u00bb title_font_size=\u00a0\u00bb60px\u00a0\u00bb \/][\/et_pb_column][\/et_pb_row][\/et_pb_section][et_pb_section bb_built=\u00a0\u00bb1&Prime; prev_background_color=\u00a0\u00bb#000000&Prime;][et_pb_row][et_pb_column type=\u00a0\u00bb4_4&Prime;][et_pb_text] Un ESAT \u00c9tablissement et Service d\u2019Aide par le Travail est une structure de travail prot\u00e9g\u00e9, r\u00e9serv\u00e9e aux personnes handicap\u00e9es, permettant leur r\u00e9insertion sociale et professionnelle. L&rsquo;ESAT est \u00e0 la fois : une structure de [&hellip;]\" \/>\n<meta property=\"og:url\" content=\"http:\/\/www.mariepire.fr\/index.php\/letablissement-et-service-daide-par-le-travail\/\" \/>\n<meta property=\"og:site_name\" content=\"Association Marie Pire\" \/>\n<meta property=\"article:modified_time\" content=\"2018-07-19T09:14:42+00:00\" \/>\n<meta name=\"twitter:card\" content=\"summary_large_image\" \/>\n<meta name=\"twitter:label1\" content=\"Dur\u00e9e de lecture est.\">\n\t<meta name=\"twitter:data1\" content=\"1 minute\">\n<script type=\"application\/ld+json\" class=\"yoast-schema-graph\">{\"@context\":\"https:\/\/schema.org\",\"@graph\":[{\"@type\":\"WebSite\",\"@id\":\"http:\/\/www.mariepire.fr\/#website\",\"url\":\"http:\/\/www.mariepire.fr\/\",\"name\":\"Association Marie Pire\",\"description\":\"\",\"potentialAction\":[{\"@type\":\"SearchAction\",\"target\":\"http:\/\/www.mariepire.fr\/?s={search_term_string}\",\"query-input\":\"required name=search_term_string\"}],\"inLanguage\":\"fr-FR\"},{\"@type\":\"WebPage\",\"@id\":\"http:\/\/www.mariepire.fr\/index.php\/letablissement-et-service-daide-par-le-travail\/#webpage\",\"url\":\"http:\/\/www.mariepire.fr\/index.php\/letablissement-et-service-daide-par-le-travail\/\",\"name\":\"L'\\u00c9tablissement et Service d'Aide par le Travail - Association Marie Pire\",\"isPartOf\":{\"@id\":\"http:\/\/www.mariepire.fr\/#website\"},\"datePublished\":\"2018-05-09T10:01:54+00:00\",\"dateModified\":\"2018-07-19T09:14:42+00:00\",\"inLanguage\":\"fr-FR\",\"potentialAction\":[{\"@type\":\"ReadAction\",\"target\":[\"http:\/\/www.mariepire.fr\/index.php\/letablissement-et-service-daide-par-le-travail\/\"]}]}]}<\/script>\n<!-- \/ Yoast SEO plugin. -->","_links":{"self":[{"href":"http:\/\/www.mariepire.fr\/index.php\/wp-json\/wp\/v2\/pages\/262"}],"collection":[{"href":"http:\/\/www.mariepire.fr\/index.php\/wp-json\/wp\/v2\/pages"}],"about":[{"href":"http:\/\/www.mariepire.fr\/index.php\/wp-json\/wp\/v2\/types\/page"}],"author":[{"embeddable":true,"href":"http:\/\/www.mariepire.fr\/index.php\/wp-json\/wp\/v2\/users\/4"}],"replies":[{"embeddable":true,"href":"http:\/\/www.mariepire.fr\/index.php\/wp-json\/wp\/v2\/comments?post=262"}],"version-history":[{"count":1,"href":"http:\/\/www.mariepire.fr\/index.php\/wp-json\/wp\/v2\/pages\/262\/revisions"}],"predecessor-version":[{"id":653,"href":"http:\/\/www.mariepire.fr\/index.php\/wp-json\/wp\/v2\/pages\/262\/revisions\/653"}],"wp:attachment":[{"href":"http:\/\/www.mariepire.fr\/index.php\/wp-json\/wp\/v2\/media?parent=262"}],"curies":[{"name":"wp","href":"https:\/\/api.w.org\/{rel}","templated":true}]}}