{"id":260,"date":"2018-05-09T12:01:54","date_gmt":"2018-05-09T10:01:54","guid":{"rendered":"http:\/\/idealweb.fr\/demo\/wordpress\/?page_id=260"},"modified":"2018-07-19T11:14:52","modified_gmt":"2018-07-19T09:14:52","slug":"le-centre-daccueil-et-de-rencontre-de-jour-daltkirch","status":"publish","type":"page","link":"http:\/\/www.mariepire.fr\/index.php\/le-centre-daccueil-et-de-rencontre-de-jour-daltkirch\/","title":{"rendered":"Le Centre d&rsquo;Accueil et de Rencontre de Jour d&rsquo;Altkirch"},"content":{"rendered":"<p>[et_pb_section bb_built=\u00a0\u00bb1&Prime; specialty=\u00a0\u00bboff\u00a0\u00bb _builder_version=\u00a0\u00bb3.2.2&Prime; gutter_width=\u00a0\u00bb2&Prime; next_background_color=\u00a0\u00bb#ffffff\u00a0\u00bb background_color_gradient_start=\u00a0\u00bb#47529c\u00a0\u00bb background_color_gradient_end=\u00a0\u00bb#55a3dd\u00a0\u00bb use_background_color_gradient=\u00a0\u00bbon\u00a0\u00bb][et_pb_row _builder_version=\u00a0\u00bb3.2.2&Prime; gutter_width=\u00a0\u00bb2&Prime;][et_pb_column type=\u00a0\u00bb4_4&Prime;][et_pb_post_title _builder_version=\u00a0\u00bb3.2.2&Prime; meta=\u00a0\u00bboff\u00a0\u00bb featured_image=\u00a0\u00bboff\u00a0\u00bb text_color=\u00a0\u00bblight\u00a0\u00bb title_font_size=\u00a0\u00bb60px\u00a0\u00bb \/][\/et_pb_column][\/et_pb_row][\/et_pb_section][et_pb_section bb_built=\u00a0\u00bb1&Prime; prev_background_color=\u00a0\u00bb#000000&Prime;][et_pb_row][et_pb_column type=\u00a0\u00bb4_4&Prime;][et_pb_text]<\/p>\n<div class=\"page\" title=\"Page 17\">\n<div class=\"section\">\n<div class=\"layoutArea\">\n<div class=\"column\">\n<p><strong>Le C.A.R.J.A. <\/strong>Le Centre d\u2019Accueil et de Rencontre de Jour d&rsquo;Altkirch accueille <strong>15 adultes handicap\u00e9s mentaux<\/strong>.<\/p>\n<p>Dans la plupart des cas, ces adultes ne peuvent momentan\u00e9ment pas pratiquer d&rsquo;activit\u00e9 professionnelle r\u00e9guli\u00e8re mais ont <strong>un bon niveau d&rsquo;autonomie et de sociabilit\u00e9<\/strong>.<\/p>\n<p>Pendant leur accompagnement, ils effectuent des activit\u00e9s adapt\u00e9es afin de d\u00e9velopper leur autonomie.<\/p>\n<div class=\"page\" title=\"Page 17\">\n<div class=\"section\">\n<div class=\"layoutArea\">\n<div class=\"column\">\n<p>C\u2019est un lieu <strong>convivial d\u2019activit\u00e9s <\/strong>et d\u2019accompagnement.<\/p>\n<p>Il permet l\u2019<strong>\u00e9panouissemen<\/strong><strong>t<\/strong> et la <strong>socialisation <\/strong>dans le cadre <strong>d\u2019une prise en charge individualis\u00e9e <\/strong>des personnes qu\u2019il accueille.<\/p>\n<p>Cette derni\u00e8re permet la <strong>stimulation<\/strong>, la <strong>motivation<\/strong>, le\u00a0<strong>soutien aux parents <\/strong>et\/ou \u00e0 leur <strong>environnement proche<\/strong>.<\/p>\n<\/div>\n<\/div>\n<\/div>\n<\/div>\n<\/div>\n<\/div>\n<\/div>\n<\/div>\n<p>[\/et_pb_text][et_pb_image _builder_version=\u00a0\u00bb3.9&Prime; src=\u00a0\u00bbhttp:\/\/www.mariepire.fr\/wp-content\/uploads\/2018\/05\/G36-CARJA-Atelier-Ceramique-2M.jpg\u00a0\u00bb \/][\/et_pb_column][\/et_pb_row][\/et_pb_section]<\/p>\n","protected":false},"excerpt":{"rendered":"<p>[et_pb_section bb_built=\u00a0\u00bb1&Prime; specialty=\u00a0\u00bboff\u00a0\u00bb _builder_version=\u00a0\u00bb3.2.2&Prime; gutter_width=\u00a0\u00bb2&Prime; next_background_color=\u00a0\u00bb#ffffff\u00a0\u00bb background_color_gradient_start=\u00a0\u00bb#47529c\u00a0\u00bb background_color_gradient_end=\u00a0\u00bb#55a3dd\u00a0\u00bb use_background_color_gradient=\u00a0\u00bbon\u00a0\u00bb][et_pb_row _builder_version=\u00a0\u00bb3.2.2&Prime; gutter_width=\u00a0\u00bb2&Prime;][et_pb_column type=\u00a0\u00bb4_4&Prime;][et_pb_post_title _builder_version=\u00a0\u00bb3.2.2&Prime; meta=\u00a0\u00bboff\u00a0\u00bb featured_image=\u00a0\u00bboff\u00a0\u00bb text_color=\u00a0\u00bblight\u00a0\u00bb title_font_size=\u00a0\u00bb60px\u00a0\u00bb \/][\/et_pb_column][\/et_pb_row][\/et_pb_section][et_pb_section bb_built=\u00a0\u00bb1&Prime; prev_background_color=\u00a0\u00bb#000000&Prime;][et_pb_row][et_pb_column type=\u00a0\u00bb4_4&Prime;][et_pb_text] Le C.A.R.J.A. Le Centre d\u2019Accueil et de Rencontre de Jour d&rsquo;Altkirch accueille 15 adultes handicap\u00e9s mentaux. Dans la plupart des cas, ces adultes ne peuvent momentan\u00e9ment pas pratiquer d&rsquo;activit\u00e9 professionnelle r\u00e9guli\u00e8re mais ont un [&hellip;]<\/p>\n","protected":false},"author":4,"featured_media":0,"parent":0,"menu_order":0,"comment_status":"closed","ping_status":"closed","template":"","meta":{"_et_pb_use_builder":"on","_et_pb_old_content":"<div class=\"page\" title=\"Page 17\"><div class=\"section\"><div class=\"layoutArea\"><div class=\"column\"><p><strong>Le C.A.R.J.A. <\/strong>Le Centre d\u2019Accueil et de Rencontre de Jour d'Altkirch accueille <strong>15 adultes handicap\u00e9s mentaux<\/strong>.<\/p><p>Dans la plupart des cas, ces adultes ne peuvent momentan\u00e9ment pas pratiquer d'activit\u00e9 professionnelle r\u00e9guli\u00e8re mais ont <strong>un bon niveau d'autonomie et de sociabilit\u00e9<\/strong>.<\/p><p>Pendant leur accompagnement, ils effectuent des activit\u00e9s adapt\u00e9es afin de d\u00e9velopper leur autonomie.<\/p><div class=\"page\" title=\"Page 17\"><div class=\"section\"><div class=\"layoutArea\"><div class=\"column\"><p>C\u2019est un lieu <strong>convivial d\u2019activit\u00e9s <\/strong>et d\u2019accompagnement.<\/p><p>Il permet l\u2019<strong>\u00e9panouissemen<\/strong><strong>t<\/strong> et la <strong>socialisation <\/strong>dans le cadre <strong>d\u2019une prise en charge individualis\u00e9e <\/strong>des personnes qu\u2019il accueille.<\/p><p>Cette derni\u00e8re permet la <strong>stimulation<\/strong>, la <strong>motivation<\/strong>, le\u00a0<strong>soutien aux parents <\/strong>et\/ou \u00e0 leur <strong>environnement proche<\/strong>.<\/p><\/div><\/div><\/div><\/div><\/div><\/div><\/div><\/div>","_et_gb_content_width":""},"yoast_head":"<!-- This site is optimized with the Yoast SEO plugin v15.7 - https:\/\/yoast.com\/wordpress\/plugins\/seo\/ -->\n<title>Le Centre d&#039;Accueil et de Rencontre de Jour d&#039;Altkirch - Association Marie Pire<\/title>\n<meta name=\"robots\" content=\"index, follow, max-snippet:-1, max-image-preview:large, max-video-preview:-1\" \/>\n<link rel=\"canonical\" href=\"http:\/\/www.mariepire.fr\/index.php\/le-centre-daccueil-et-de-rencontre-de-jour-daltkirch\/\" \/>\n<meta property=\"og:locale\" content=\"fr_FR\" \/>\n<meta property=\"og:type\" content=\"article\" \/>\n<meta property=\"og:title\" content=\"Le Centre d&#039;Accueil et de Rencontre de Jour d&#039;Altkirch - Association Marie Pire\" \/>\n<meta property=\"og:description\" content=\"[et_pb_section bb_built=\u00a0\u00bb1&Prime; specialty=\u00a0\u00bboff\u00a0\u00bb _builder_version=\u00a0\u00bb3.2.2&Prime; gutter_width=\u00a0\u00bb2&Prime; next_background_color=\u00a0\u00bb#ffffff\u00a0\u00bb background_color_gradient_start=\u00a0\u00bb#47529c\u00a0\u00bb background_color_gradient_end=\u00a0\u00bb#55a3dd\u00a0\u00bb use_background_color_gradient=\u00a0\u00bbon\u00a0\u00bb][et_pb_row _builder_version=\u00a0\u00bb3.2.2&Prime; gutter_width=\u00a0\u00bb2&Prime;][et_pb_column type=\u00a0\u00bb4_4&Prime;][et_pb_post_title _builder_version=\u00a0\u00bb3.2.2&Prime; meta=\u00a0\u00bboff\u00a0\u00bb featured_image=\u00a0\u00bboff\u00a0\u00bb text_color=\u00a0\u00bblight\u00a0\u00bb title_font_size=\u00a0\u00bb60px\u00a0\u00bb \/][\/et_pb_column][\/et_pb_row][\/et_pb_section][et_pb_section bb_built=\u00a0\u00bb1&Prime; prev_background_color=\u00a0\u00bb#000000&Prime;][et_pb_row][et_pb_column type=\u00a0\u00bb4_4&Prime;][et_pb_text] Le C.A.R.J.A. Le Centre d\u2019Accueil et de Rencontre de Jour d&rsquo;Altkirch accueille 15 adultes handicap\u00e9s mentaux. Dans la plupart des cas, ces adultes ne peuvent momentan\u00e9ment pas pratiquer d&rsquo;activit\u00e9 professionnelle r\u00e9guli\u00e8re mais ont un [&hellip;]\" \/>\n<meta property=\"og:url\" content=\"http:\/\/www.mariepire.fr\/index.php\/le-centre-daccueil-et-de-rencontre-de-jour-daltkirch\/\" \/>\n<meta property=\"og:site_name\" content=\"Association Marie Pire\" \/>\n<meta property=\"article:modified_time\" content=\"2018-07-19T09:14:52+00:00\" \/>\n<meta name=\"twitter:card\" content=\"summary_large_image\" \/>\n<meta name=\"twitter:label1\" content=\"Dur\u00e9e de lecture est.\">\n\t<meta name=\"twitter:data1\" content=\"1 minute\">\n<script type=\"application\/ld+json\" class=\"yoast-schema-graph\">{\"@context\":\"https:\/\/schema.org\",\"@graph\":[{\"@type\":\"WebSite\",\"@id\":\"http:\/\/www.mariepire.fr\/#website\",\"url\":\"http:\/\/www.mariepire.fr\/\",\"name\":\"Association Marie Pire\",\"description\":\"\",\"potentialAction\":[{\"@type\":\"SearchAction\",\"target\":\"http:\/\/www.mariepire.fr\/?s={search_term_string}\",\"query-input\":\"required name=search_term_string\"}],\"inLanguage\":\"fr-FR\"},{\"@type\":\"WebPage\",\"@id\":\"http:\/\/www.mariepire.fr\/index.php\/le-centre-daccueil-et-de-rencontre-de-jour-daltkirch\/#webpage\",\"url\":\"http:\/\/www.mariepire.fr\/index.php\/le-centre-daccueil-et-de-rencontre-de-jour-daltkirch\/\",\"name\":\"Le Centre d'Accueil et de Rencontre de Jour d'Altkirch - Association Marie Pire\",\"isPartOf\":{\"@id\":\"http:\/\/www.mariepire.fr\/#website\"},\"datePublished\":\"2018-05-09T10:01:54+00:00\",\"dateModified\":\"2018-07-19T09:14:52+00:00\",\"inLanguage\":\"fr-FR\",\"potentialAction\":[{\"@type\":\"ReadAction\",\"target\":[\"http:\/\/www.mariepire.fr\/index.php\/le-centre-daccueil-et-de-rencontre-de-jour-daltkirch\/\"]}]}]}<\/script>\n<!-- \/ Yoast SEO plugin. -->","_links":{"self":[{"href":"http:\/\/www.mariepire.fr\/index.php\/wp-json\/wp\/v2\/pages\/260"}],"collection":[{"href":"http:\/\/www.mariepire.fr\/index.php\/wp-json\/wp\/v2\/pages"}],"about":[{"href":"http:\/\/www.mariepire.fr\/index.php\/wp-json\/wp\/v2\/types\/page"}],"author":[{"embeddable":true,"href":"http:\/\/www.mariepire.fr\/index.php\/wp-json\/wp\/v2\/users\/4"}],"replies":[{"embeddable":true,"href":"http:\/\/www.mariepire.fr\/index.php\/wp-json\/wp\/v2\/comments?post=260"}],"version-history":[{"count":1,"href":"http:\/\/www.mariepire.fr\/index.php\/wp-json\/wp\/v2\/pages\/260\/revisions"}],"predecessor-version":[{"id":654,"href":"http:\/\/www.mariepire.fr\/index.php\/wp-json\/wp\/v2\/pages\/260\/revisions\/654"}],"wp:attachment":[{"href":"http:\/\/www.mariepire.fr\/index.php\/wp-json\/wp\/v2\/media?parent=260"}],"curies":[{"name":"wp","href":"https:\/\/api.w.org\/{rel}","templated":true}]}}