{"id":258,"date":"2018-05-09T12:01:54","date_gmt":"2018-05-09T10:01:54","guid":{"rendered":"http:\/\/idealweb.fr\/demo\/wordpress\/?page_id=258"},"modified":"2018-07-19T11:14:29","modified_gmt":"2018-07-19T09:14:29","slug":"la-maison-daccueil-specialisee","status":"publish","type":"page","link":"http:\/\/www.mariepire.fr\/index.php\/la-maison-daccueil-specialisee\/","title":{"rendered":"La Maison d&rsquo;Accueil Sp\u00e9cialis\u00e9e"},"content":{"rendered":"<p>[et_pb_section bb_built=\u00a0\u00bb1&Prime; specialty=\u00a0\u00bboff\u00a0\u00bb _builder_version=\u00a0\u00bb3.2.2&Prime; gutter_width=\u00a0\u00bb2&Prime; next_background_color=\u00a0\u00bb#ffffff\u00a0\u00bb background_color_gradient_start=\u00a0\u00bb#47529c\u00a0\u00bb background_color_gradient_end=\u00a0\u00bb#55a3dd\u00a0\u00bb use_background_color_gradient=\u00a0\u00bbon\u00a0\u00bb][et_pb_row _builder_version=\u00a0\u00bb3.2.2&Prime; gutter_width=\u00a0\u00bb2&Prime;][et_pb_column type=\u00a0\u00bb4_4&Prime;][et_pb_post_title _builder_version=\u00a0\u00bb3.2.2&Prime; meta=\u00a0\u00bboff\u00a0\u00bb featured_image=\u00a0\u00bboff\u00a0\u00bb text_color=\u00a0\u00bblight\u00a0\u00bb title_font_size=\u00a0\u00bb60px\u00a0\u00bb \/][\/et_pb_column][\/et_pb_row][\/et_pb_section][et_pb_section bb_built=\u00a0\u00bb1&Prime; prev_background_color=\u00a0\u00bb#000000&Prime;][et_pb_row][et_pb_column type=\u00a0\u00bb4_4&Prime;][et_pb_text]<\/p>\n<div class=\"page\" title=\"Page 16\">\n<div class=\"section\">\n<div class=\"layoutArea\">\n<div class=\"column\">\n<h2><strong>La M.A.S. Maison d\u2018Accueil Sp\u00e9cialis\u00e9e <\/strong>re\u00e7oit :<\/h2>\n<ul>\n<li>des personnes <strong>adultes atteintes d&rsquo;un handicap intellectuel, moteur ou somatique grave<\/strong>, ou <strong>gravement polyhandicap\u00e9es<\/strong>, <strong>n&rsquo;ayant pu acqu\u00e9rir un minimum d&rsquo;autonomie<\/strong>.<\/li>\n<li>Leur \u00e9tat doit n\u00e9cessiter en outre le recours \u00e0 une tierce personne pour les <strong>actes de la vie courante, une surveillance m\u00e9dicale et des soins constants<\/strong>. La MAS est un \u00e9tablissement m\u00e9dico-social financ\u00e9 en totalit\u00e9 par l&rsquo;assurance maladie.<\/li>\n<li>La M.A.S. a \u00e9t\u00e9 cr\u00e9\u00e9e en 2002 et <strong>accueille 33 r\u00e9sidents en internat, 2 en accueil de jour et <\/strong><strong>2 en accueil temporaire<\/strong>,<\/li>\n<\/ul>\n<\/div>\n<\/div>\n<\/div>\n<\/div>\n<p>[\/et_pb_text][et_pb_image _builder_version=\u00a0\u00bb3.9&Prime; src=\u00a0\u00bbhttp:\/\/www.mariepire.fr\/wp-content\/uploads\/2018\/05\/Edito-gazette-7.png\u00a0\u00bb \/][\/et_pb_column][\/et_pb_row][\/et_pb_section]<\/p>\n","protected":false},"excerpt":{"rendered":"<p>[et_pb_section bb_built=\u00a0\u00bb1&Prime; specialty=\u00a0\u00bboff\u00a0\u00bb _builder_version=\u00a0\u00bb3.2.2&Prime; gutter_width=\u00a0\u00bb2&Prime; next_background_color=\u00a0\u00bb#ffffff\u00a0\u00bb background_color_gradient_start=\u00a0\u00bb#47529c\u00a0\u00bb background_color_gradient_end=\u00a0\u00bb#55a3dd\u00a0\u00bb use_background_color_gradient=\u00a0\u00bbon\u00a0\u00bb][et_pb_row _builder_version=\u00a0\u00bb3.2.2&Prime; gutter_width=\u00a0\u00bb2&Prime;][et_pb_column type=\u00a0\u00bb4_4&Prime;][et_pb_post_title _builder_version=\u00a0\u00bb3.2.2&Prime; meta=\u00a0\u00bboff\u00a0\u00bb featured_image=\u00a0\u00bboff\u00a0\u00bb text_color=\u00a0\u00bblight\u00a0\u00bb title_font_size=\u00a0\u00bb60px\u00a0\u00bb \/][\/et_pb_column][\/et_pb_row][\/et_pb_section][et_pb_section bb_built=\u00a0\u00bb1&Prime; prev_background_color=\u00a0\u00bb#000000&Prime;][et_pb_row][et_pb_column type=\u00a0\u00bb4_4&Prime;][et_pb_text] La M.A.S. Maison d\u2018Accueil Sp\u00e9cialis\u00e9e re\u00e7oit : des personnes adultes atteintes d&rsquo;un handicap intellectuel, moteur ou somatique grave, ou gravement polyhandicap\u00e9es, n&rsquo;ayant pu acqu\u00e9rir un minimum d&rsquo;autonomie. Leur \u00e9tat doit n\u00e9cessiter en outre le [&hellip;]<\/p>\n","protected":false},"author":4,"featured_media":0,"parent":0,"menu_order":0,"comment_status":"closed","ping_status":"closed","template":"","meta":{"_et_pb_use_builder":"on","_et_pb_old_content":"<div class=\"page\" title=\"Page 16\"><div class=\"section\"><div class=\"layoutArea\"><div class=\"column\"><h2><strong>La M.A.S. Maison d\u2018Accueil Sp\u00e9cialis\u00e9e <\/strong>re\u00e7oit :<\/h2><ul><li>des personnes <strong>adultes atteintes d'un handicap intellectuel, moteur ou somatique grave<\/strong>, ou <strong>gravement polyhandicap\u00e9es<\/strong>, <strong>n'ayant pu acqu\u00e9rir un minimum d'autonomie<\/strong>.<\/li><li>Leur \u00e9tat doit n\u00e9cessiter en outre le recours \u00e0 une tierce personne pour les <strong>actes de la vie courante, une surveillance m\u00e9dicale et des soins constants<\/strong>. La MAS est un \u00e9tablissement m\u00e9dico-social financ\u00e9 en totalit\u00e9 par l'assurance maladie.<\/li><li>La M.A.S. a \u00e9t\u00e9 cr\u00e9\u00e9e en 2002 et <strong>accueille 33 r\u00e9sidents en internat, 2 en accueil de jour et <\/strong><strong>2 en accueil temporaire<\/strong>,<\/li><\/ul><\/div><\/div><\/div><\/div>","_et_gb_content_width":""},"yoast_head":"<!-- This site is optimized with the Yoast SEO plugin v15.7 - https:\/\/yoast.com\/wordpress\/plugins\/seo\/ -->\n<title>La Maison d&#039;Accueil Sp\u00e9cialis\u00e9e - Association Marie Pire<\/title>\n<meta name=\"robots\" content=\"index, follow, max-snippet:-1, max-image-preview:large, max-video-preview:-1\" \/>\n<link rel=\"canonical\" href=\"https:\/\/www.mariepire.fr\/index.php\/la-maison-daccueil-specialisee\/\" \/>\n<meta property=\"og:locale\" content=\"fr_FR\" \/>\n<meta property=\"og:type\" content=\"article\" \/>\n<meta property=\"og:title\" content=\"La Maison d&#039;Accueil Sp\u00e9cialis\u00e9e - Association Marie Pire\" \/>\n<meta property=\"og:description\" content=\"[et_pb_section bb_built=\u00a0\u00bb1&Prime; specialty=\u00a0\u00bboff\u00a0\u00bb _builder_version=\u00a0\u00bb3.2.2&Prime; gutter_width=\u00a0\u00bb2&Prime; next_background_color=\u00a0\u00bb#ffffff\u00a0\u00bb background_color_gradient_start=\u00a0\u00bb#47529c\u00a0\u00bb background_color_gradient_end=\u00a0\u00bb#55a3dd\u00a0\u00bb use_background_color_gradient=\u00a0\u00bbon\u00a0\u00bb][et_pb_row _builder_version=\u00a0\u00bb3.2.2&Prime; gutter_width=\u00a0\u00bb2&Prime;][et_pb_column type=\u00a0\u00bb4_4&Prime;][et_pb_post_title _builder_version=\u00a0\u00bb3.2.2&Prime; meta=\u00a0\u00bboff\u00a0\u00bb featured_image=\u00a0\u00bboff\u00a0\u00bb text_color=\u00a0\u00bblight\u00a0\u00bb title_font_size=\u00a0\u00bb60px\u00a0\u00bb \/][\/et_pb_column][\/et_pb_row][\/et_pb_section][et_pb_section bb_built=\u00a0\u00bb1&Prime; prev_background_color=\u00a0\u00bb#000000&Prime;][et_pb_row][et_pb_column type=\u00a0\u00bb4_4&Prime;][et_pb_text] La M.A.S. Maison d\u2018Accueil Sp\u00e9cialis\u00e9e re\u00e7oit : des personnes adultes atteintes d&rsquo;un handicap intellectuel, moteur ou somatique grave, ou gravement polyhandicap\u00e9es, n&rsquo;ayant pu acqu\u00e9rir un minimum d&rsquo;autonomie. Leur \u00e9tat doit n\u00e9cessiter en outre le [&hellip;]\" \/>\n<meta property=\"og:url\" content=\"https:\/\/www.mariepire.fr\/index.php\/la-maison-daccueil-specialisee\/\" \/>\n<meta property=\"og:site_name\" content=\"Association Marie Pire\" \/>\n<meta property=\"article:modified_time\" content=\"2018-07-19T09:14:29+00:00\" \/>\n<meta name=\"twitter:card\" content=\"summary_large_image\" \/>\n<meta name=\"twitter:label1\" content=\"Dur\u00e9e de lecture est.\">\n\t<meta name=\"twitter:data1\" content=\"1 minute\">\n<script type=\"application\/ld+json\" class=\"yoast-schema-graph\">{\"@context\":\"https:\/\/schema.org\",\"@graph\":[{\"@type\":\"WebSite\",\"@id\":\"http:\/\/www.mariepire.fr\/#website\",\"url\":\"http:\/\/www.mariepire.fr\/\",\"name\":\"Association Marie Pire\",\"description\":\"\",\"potentialAction\":[{\"@type\":\"SearchAction\",\"target\":\"http:\/\/www.mariepire.fr\/?s={search_term_string}\",\"query-input\":\"required name=search_term_string\"}],\"inLanguage\":\"fr-FR\"},{\"@type\":\"WebPage\",\"@id\":\"https:\/\/www.mariepire.fr\/index.php\/la-maison-daccueil-specialisee\/#webpage\",\"url\":\"https:\/\/www.mariepire.fr\/index.php\/la-maison-daccueil-specialisee\/\",\"name\":\"La Maison d'Accueil Sp\\u00e9cialis\\u00e9e - Association Marie Pire\",\"isPartOf\":{\"@id\":\"http:\/\/www.mariepire.fr\/#website\"},\"datePublished\":\"2018-05-09T10:01:54+00:00\",\"dateModified\":\"2018-07-19T09:14:29+00:00\",\"inLanguage\":\"fr-FR\",\"potentialAction\":[{\"@type\":\"ReadAction\",\"target\":[\"https:\/\/www.mariepire.fr\/index.php\/la-maison-daccueil-specialisee\/\"]}]}]}<\/script>\n<!-- \/ Yoast SEO plugin. -->","_links":{"self":[{"href":"http:\/\/www.mariepire.fr\/index.php\/wp-json\/wp\/v2\/pages\/258"}],"collection":[{"href":"http:\/\/www.mariepire.fr\/index.php\/wp-json\/wp\/v2\/pages"}],"about":[{"href":"http:\/\/www.mariepire.fr\/index.php\/wp-json\/wp\/v2\/types\/page"}],"author":[{"embeddable":true,"href":"http:\/\/www.mariepire.fr\/index.php\/wp-json\/wp\/v2\/users\/4"}],"replies":[{"embeddable":true,"href":"http:\/\/www.mariepire.fr\/index.php\/wp-json\/wp\/v2\/comments?post=258"}],"version-history":[{"count":1,"href":"http:\/\/www.mariepire.fr\/index.php\/wp-json\/wp\/v2\/pages\/258\/revisions"}],"predecessor-version":[{"id":652,"href":"http:\/\/www.mariepire.fr\/index.php\/wp-json\/wp\/v2\/pages\/258\/revisions\/652"}],"wp:attachment":[{"href":"http:\/\/www.mariepire.fr\/index.php\/wp-json\/wp\/v2\/media?parent=258"}],"curies":[{"name":"wp","href":"https:\/\/api.w.org\/{rel}","templated":true}]}}