{"id":256,"date":"2018-05-09T12:01:54","date_gmt":"2018-05-09T10:01:54","guid":{"rendered":"http:\/\/idealweb.fr\/demo\/wordpress\/?page_id=256"},"modified":"2018-07-19T11:14:04","modified_gmt":"2018-07-19T09:14:04","slug":"le-foyer-daccueil-specialise","status":"publish","type":"page","link":"http:\/\/www.mariepire.fr\/index.php\/le-foyer-daccueil-specialise\/","title":{"rendered":"Le Foyer d&rsquo;Accueil Sp\u00e9cialis\u00e9"},"content":{"rendered":"<p>[et_pb_section bb_built=\u00a0\u00bb1&Prime; specialty=\u00a0\u00bboff\u00a0\u00bb _builder_version=\u00a0\u00bb3.2.2&Prime; gutter_width=\u00a0\u00bb2&Prime; next_background_color=\u00a0\u00bb#ffffff\u00a0\u00bb background_color_gradient_start=\u00a0\u00bb#47529c\u00a0\u00bb background_color_gradient_end=\u00a0\u00bb#55a3dd\u00a0\u00bb use_background_color_gradient=\u00a0\u00bbon\u00a0\u00bb][et_pb_row _builder_version=\u00a0\u00bb3.2.2&Prime; gutter_width=\u00a0\u00bb2&Prime;][et_pb_column type=\u00a0\u00bb4_4&Prime;][et_pb_post_title _builder_version=\u00a0\u00bb3.2.2&Prime; meta=\u00a0\u00bboff\u00a0\u00bb featured_image=\u00a0\u00bboff\u00a0\u00bb text_color=\u00a0\u00bblight\u00a0\u00bb title_font_size=\u00a0\u00bb60px\u00a0\u00bb \/][\/et_pb_column][\/et_pb_row][\/et_pb_section][et_pb_section bb_built=\u00a0\u00bb1&Prime; prev_background_color=\u00a0\u00bb#000000&Prime;][et_pb_row][et_pb_column type=\u00a0\u00bb4_4&Prime;][et_pb_text]<\/p>\n<div class=\"page\" title=\"Page 15\">\n<div class=\"section\">\n<div class=\"layoutArea\">\n<div class=\"column\">\n<h2><strong>Le F.A.S. Foyer d\u2019Accueil Sp\u00e9cialis\u00e9<\/strong><\/h2>\n<p>&#8211; \u00e9galement d\u00e9sign\u00e9 par le terme de \u00ab foyer occupationnel \u00bb<\/p>\n<p>&#8211; accueille 365 jours par an <strong>41 personnes handicap\u00e9es adultes<\/strong>,<\/p>\n<\/div>\n<\/div>\n<div class=\"layoutArea\">\n<div class=\"column\">\n<p>&#8211; \u00e2g\u00e9es d\u2019au moins 20 ans,<\/p>\n<\/div>\n<div class=\"column\">\n<p>&#8211; <strong>reconnues \u00ab non travailleurs \u00bb <\/strong>par la Commission des Droits et de l\u2019autonomie des personnes handicap\u00e9es (CDCH).<\/p>\n<p>Ces personnes atteintes d\u2019un ou de plusieurs handicaps sont dans <strong>l\u2019incapacit\u00e9 d\u2019exercer <\/strong>une activit\u00e9 professionnelle m\u00eame dans un milieu prot\u00e9g\u00e9 (<strong>taux d\u2019invalidit\u00e9 au minimum de 80%<\/strong>).<\/p>\n<p>Elles ont n\u00e9anmoins gard\u00e9 une autonomie <strong>suffisante afin d\u2019\u00eatre en mesure d\u2019assurer elles m\u00eame certains actes simples de la vie quotidienne et de se livrer \u00e0 des activit\u00e9s <\/strong>de d\u00e9tente et de d\u00e9veloppement personnel.<\/p>\n<p>Ces personnes peuvent participer \u00e0 des activit\u00e9s \u00ab\u00a0<strong>dites occupationnelles\u00a0<\/strong>\u00bb\u00a0en journ\u00e9e dans des ateliers diversifi\u00e9s et anim\u00e9s par des \u00e9ducateurs.<\/p>\n<\/div>\n<\/div>\n<\/div>\n<\/div>\n<p>[\/et_pb_text][et_pb_image _builder_version=\u00a0\u00bb3.9&Prime; src=\u00a0\u00bbhttp:\/\/www.mariepire.fr\/wp-content\/uploads\/2018\/05\/DSCF3317.jpg\u00a0\u00bb \/][\/et_pb_column][\/et_pb_row][\/et_pb_section]<\/p>\n","protected":false},"excerpt":{"rendered":"<p>[et_pb_section bb_built=\u00a0\u00bb1&Prime; specialty=\u00a0\u00bboff\u00a0\u00bb _builder_version=\u00a0\u00bb3.2.2&Prime; gutter_width=\u00a0\u00bb2&Prime; next_background_color=\u00a0\u00bb#ffffff\u00a0\u00bb background_color_gradient_start=\u00a0\u00bb#47529c\u00a0\u00bb background_color_gradient_end=\u00a0\u00bb#55a3dd\u00a0\u00bb use_background_color_gradient=\u00a0\u00bbon\u00a0\u00bb][et_pb_row _builder_version=\u00a0\u00bb3.2.2&Prime; gutter_width=\u00a0\u00bb2&Prime;][et_pb_column type=\u00a0\u00bb4_4&Prime;][et_pb_post_title _builder_version=\u00a0\u00bb3.2.2&Prime; meta=\u00a0\u00bboff\u00a0\u00bb featured_image=\u00a0\u00bboff\u00a0\u00bb text_color=\u00a0\u00bblight\u00a0\u00bb title_font_size=\u00a0\u00bb60px\u00a0\u00bb \/][\/et_pb_column][\/et_pb_row][\/et_pb_section][et_pb_section bb_built=\u00a0\u00bb1&Prime; prev_background_color=\u00a0\u00bb#000000&Prime;][et_pb_row][et_pb_column type=\u00a0\u00bb4_4&Prime;][et_pb_text] Le F.A.S. Foyer d\u2019Accueil Sp\u00e9cialis\u00e9 &#8211; \u00e9galement d\u00e9sign\u00e9 par le terme de \u00ab foyer occupationnel \u00bb &#8211; accueille 365 jours par an 41 personnes handicap\u00e9es adultes, &#8211; \u00e2g\u00e9es d\u2019au moins 20 ans, &#8211; reconnues [&hellip;]<\/p>\n","protected":false},"author":4,"featured_media":0,"parent":0,"menu_order":0,"comment_status":"closed","ping_status":"closed","template":"","meta":{"_et_pb_use_builder":"on","_et_pb_old_content":"<div class=\"page\" title=\"Page 15\"><div class=\"section\"><div class=\"layoutArea\"><div class=\"column\"><h2><strong>Le F.A.S. Foyer d\u2019Accueil Sp\u00e9cialis\u00e9<\/strong><\/h2><p>- \u00e9galement d\u00e9sign\u00e9 par le terme de \u00ab foyer occupationnel \u00bb<\/p><p>- accueille 365 jours par an <strong>41 personnes handicap\u00e9es adultes<\/strong>,<\/p><\/div><\/div><div class=\"layoutArea\"><div class=\"column\"><p>- \u00e2g\u00e9es d\u2019au moins 20 ans,<\/p><\/div><div class=\"column\"><p>- <strong>reconnues \u00ab non travailleurs \u00bb <\/strong>par la Commission des Droits et de l\u2019autonomie des personnes handicap\u00e9es (CDCH).<\/p><p>Ces personnes atteintes d\u2019un ou de plusieurs handicaps sont dans <strong>l\u2019incapacit\u00e9 d\u2019exercer <\/strong>une activit\u00e9 professionnelle m\u00eame dans un milieu prot\u00e9g\u00e9 (<strong>taux d\u2019invalidit\u00e9 au minimum de 80%<\/strong>).<\/p><p>Elles ont n\u00e9anmoins gard\u00e9 une autonomie <strong>suffisante afin d\u2019\u00eatre en mesure d\u2019assurer elles m\u00eame certains actes simples de la vie quotidienne et de se livrer \u00e0 des activit\u00e9s <\/strong>de d\u00e9tente et de d\u00e9veloppement personnel.<\/p><p>Ces personnes peuvent participer \u00e0 des activit\u00e9s \u00ab\u00a0<strong>dites occupationnelles\u00a0<\/strong>\u00bb\u00a0en journ\u00e9e dans des ateliers diversifi\u00e9s et anim\u00e9s par des \u00e9ducateurs.<\/p><\/div><\/div><\/div><\/div>","_et_gb_content_width":""},"yoast_head":"<!-- This site is optimized with the Yoast SEO plugin v15.7 - https:\/\/yoast.com\/wordpress\/plugins\/seo\/ -->\n<title>Le Foyer d&#039;Accueil Sp\u00e9cialis\u00e9 - Association Marie Pire<\/title>\n<meta name=\"robots\" content=\"index, follow, max-snippet:-1, max-image-preview:large, max-video-preview:-1\" \/>\n<link rel=\"canonical\" href=\"http:\/\/www.mariepire.fr\/index.php\/le-foyer-daccueil-specialise\/\" \/>\n<meta property=\"og:locale\" content=\"fr_FR\" \/>\n<meta property=\"og:type\" content=\"article\" \/>\n<meta property=\"og:title\" content=\"Le Foyer d&#039;Accueil Sp\u00e9cialis\u00e9 - Association Marie Pire\" \/>\n<meta property=\"og:description\" content=\"[et_pb_section bb_built=\u00a0\u00bb1&Prime; specialty=\u00a0\u00bboff\u00a0\u00bb _builder_version=\u00a0\u00bb3.2.2&Prime; gutter_width=\u00a0\u00bb2&Prime; next_background_color=\u00a0\u00bb#ffffff\u00a0\u00bb background_color_gradient_start=\u00a0\u00bb#47529c\u00a0\u00bb background_color_gradient_end=\u00a0\u00bb#55a3dd\u00a0\u00bb use_background_color_gradient=\u00a0\u00bbon\u00a0\u00bb][et_pb_row _builder_version=\u00a0\u00bb3.2.2&Prime; gutter_width=\u00a0\u00bb2&Prime;][et_pb_column type=\u00a0\u00bb4_4&Prime;][et_pb_post_title _builder_version=\u00a0\u00bb3.2.2&Prime; meta=\u00a0\u00bboff\u00a0\u00bb featured_image=\u00a0\u00bboff\u00a0\u00bb text_color=\u00a0\u00bblight\u00a0\u00bb title_font_size=\u00a0\u00bb60px\u00a0\u00bb \/][\/et_pb_column][\/et_pb_row][\/et_pb_section][et_pb_section bb_built=\u00a0\u00bb1&Prime; prev_background_color=\u00a0\u00bb#000000&Prime;][et_pb_row][et_pb_column type=\u00a0\u00bb4_4&Prime;][et_pb_text] Le F.A.S. Foyer d\u2019Accueil Sp\u00e9cialis\u00e9 &#8211; \u00e9galement d\u00e9sign\u00e9 par le terme de \u00ab foyer occupationnel \u00bb &#8211; accueille 365 jours par an 41 personnes handicap\u00e9es adultes, &#8211; \u00e2g\u00e9es d\u2019au moins 20 ans, &#8211; reconnues [&hellip;]\" \/>\n<meta property=\"og:url\" content=\"http:\/\/www.mariepire.fr\/index.php\/le-foyer-daccueil-specialise\/\" \/>\n<meta property=\"og:site_name\" content=\"Association Marie Pire\" \/>\n<meta property=\"article:modified_time\" content=\"2018-07-19T09:14:04+00:00\" \/>\n<meta name=\"twitter:card\" content=\"summary_large_image\" \/>\n<meta name=\"twitter:label1\" content=\"Dur\u00e9e de lecture est.\">\n\t<meta name=\"twitter:data1\" content=\"1 minute\">\n<script type=\"application\/ld+json\" class=\"yoast-schema-graph\">{\"@context\":\"https:\/\/schema.org\",\"@graph\":[{\"@type\":\"WebSite\",\"@id\":\"http:\/\/www.mariepire.fr\/#website\",\"url\":\"http:\/\/www.mariepire.fr\/\",\"name\":\"Association Marie Pire\",\"description\":\"\",\"potentialAction\":[{\"@type\":\"SearchAction\",\"target\":\"http:\/\/www.mariepire.fr\/?s={search_term_string}\",\"query-input\":\"required name=search_term_string\"}],\"inLanguage\":\"fr-FR\"},{\"@type\":\"WebPage\",\"@id\":\"http:\/\/www.mariepire.fr\/index.php\/le-foyer-daccueil-specialise\/#webpage\",\"url\":\"http:\/\/www.mariepire.fr\/index.php\/le-foyer-daccueil-specialise\/\",\"name\":\"Le Foyer d'Accueil Sp\\u00e9cialis\\u00e9 - Association Marie Pire\",\"isPartOf\":{\"@id\":\"http:\/\/www.mariepire.fr\/#website\"},\"datePublished\":\"2018-05-09T10:01:54+00:00\",\"dateModified\":\"2018-07-19T09:14:04+00:00\",\"inLanguage\":\"fr-FR\",\"potentialAction\":[{\"@type\":\"ReadAction\",\"target\":[\"http:\/\/www.mariepire.fr\/index.php\/le-foyer-daccueil-specialise\/\"]}]}]}<\/script>\n<!-- \/ Yoast SEO plugin. -->","_links":{"self":[{"href":"http:\/\/www.mariepire.fr\/index.php\/wp-json\/wp\/v2\/pages\/256"}],"collection":[{"href":"http:\/\/www.mariepire.fr\/index.php\/wp-json\/wp\/v2\/pages"}],"about":[{"href":"http:\/\/www.mariepire.fr\/index.php\/wp-json\/wp\/v2\/types\/page"}],"author":[{"embeddable":true,"href":"http:\/\/www.mariepire.fr\/index.php\/wp-json\/wp\/v2\/users\/4"}],"replies":[{"embeddable":true,"href":"http:\/\/www.mariepire.fr\/index.php\/wp-json\/wp\/v2\/comments?post=256"}],"version-history":[{"count":1,"href":"http:\/\/www.mariepire.fr\/index.php\/wp-json\/wp\/v2\/pages\/256\/revisions"}],"predecessor-version":[{"id":650,"href":"http:\/\/www.mariepire.fr\/index.php\/wp-json\/wp\/v2\/pages\/256\/revisions\/650"}],"wp:attachment":[{"href":"http:\/\/www.mariepire.fr\/index.php\/wp-json\/wp\/v2\/media?parent=256"}],"curies":[{"name":"wp","href":"https:\/\/api.w.org\/{rel}","templated":true}]}}