{"id":235,"date":"2018-05-09T10:35:12","date_gmt":"2018-05-09T08:35:12","guid":{"rendered":"http:\/\/idealweb.fr\/demo\/wordpress\/?page_id=235"},"modified":"2019-11-12T15:11:58","modified_gmt":"2019-11-12T14:11:58","slug":"en-quelques-dates","status":"publish","type":"page","link":"http:\/\/www.mariepire.fr\/index.php\/en-quelques-dates\/","title":{"rendered":"En quelques dates"},"content":{"rendered":"<p>[et_pb_section fb_built=\u00a0\u00bb1&Prime; _builder_version=\u00a0\u00bb3.22&Prime; use_background_color_gradient=\u00a0\u00bbon\u00a0\u00bb background_color_gradient_start=\u00a0\u00bb#47529c\u00a0\u00bb background_color_gradient_end=\u00a0\u00bb#55a3dd\u00a0\u00bb][et_pb_row _builder_version=\u00a0\u00bb3.25&Prime;][et_pb_column type=\u00a0\u00bb4_4&Prime; _builder_version=\u00a0\u00bb3.25&Prime; custom_padding=\u00a0\u00bb|||\u00a0\u00bb custom_padding__hover=\u00a0\u00bb|||\u00a0\u00bb][et_pb_post_title meta=\u00a0\u00bboff\u00a0\u00bb featured_image=\u00a0\u00bboff\u00a0\u00bb text_color=\u00a0\u00bblight\u00a0\u00bb _builder_version=\u00a0\u00bb3.2.2&Prime; title_font_size=\u00a0\u00bb60px\u00a0\u00bb][\/et_pb_post_title][\/et_pb_column][\/et_pb_row][\/et_pb_section][et_pb_section fb_built=\u00a0\u00bb1&Prime; _builder_version=\u00a0\u00bb3.22&Prime;][et_pb_row column_structure=\u00a0\u00bb1_2,1_2&Prime; _builder_version=\u00a0\u00bb3.25&Prime; background_size=\u00a0\u00bbinitial\u00a0\u00bb background_position=\u00a0\u00bbtop_left\u00a0\u00bb background_repeat=\u00a0\u00bbrepeat\u00a0\u00bb][et_pb_column type=\u00a0\u00bb1_2&Prime; _builder_version=\u00a0\u00bb3.25&Prime; custom_padding=\u00a0\u00bb|||\u00a0\u00bb custom_padding__hover=\u00a0\u00bb|||\u00a0\u00bb][et_pb_text _builder_version=\u00a0\u00bb3.2.2&Prime;]<\/p>\n<div class=\"page\" title=\"Page 5\">\n<div class=\"section\">\n<div class=\"layoutArea\">\n<div class=\"column\">\n<ul>\n<li>En 1918 &#8230;.des orphelins bless\u00e9s de la guerre accueillis par Mademoiselle Marie PIRE, fondatrice de l\u2019Association<\/li>\n<li>En 1968 un centre pour tuberculeux &#8230; puis un \u00e9tablissement d\u2019accueil pour enfants et adolescents d\u00e9ficients mentaux &#8230;<\/li>\n<li>En 1972 cr\u00e9ation d\u2019un ESAT,<\/li>\n<li>En 1988 un FAS voit le jour \u00e0 Riespach<\/li>\n<li>En 1990 cr\u00e9ation d\u2019une section Espace Verts au sein du ESAT,<\/li>\n<li>En 1992 le Si\u00e8ge de l\u2019Association obtient un agr\u00e9ment et s\u2019installe \u00e0 Altkirch,<\/li>\n<li>En 2002, cr\u00e9ation du CARJA \u00e0 Altkirch et de la MAS \u00e0 Riespach,<\/li>\n<li>En 2009 cr\u00e9ation de la FASPHV et d\u2019un FAHT,<\/li>\n<li>En 2009, cr\u00e9ation de la blanchisserie au sein de l\u2019ESAT,<\/li>\n<li>En 2010 ouverture d\u2019une extension du FAS sur Altkirch, et int\u00e9gration du\u00a0CARJA,<\/li>\n<li>En 2011, ouverture d\u2019une Cuisine Centrale et d\u2019un Resto\u2019Self \u00e0 Altkirch,\u00a0section suppl\u00e9mentaire pour l\u2019ESAT,<\/li>\n<li>En 2014, cr\u00e9ation d\u2019un P\u00f4le de Formations et d\u2019Echanges P\u00f4lEtamine,<\/li>\n<\/ul>\n<\/div>\n<\/div>\n<\/div>\n<\/div>\n<p>[\/et_pb_text][\/et_pb_column][et_pb_column type=\u00a0\u00bb1_2&Prime; _builder_version=\u00a0\u00bb3.25&Prime; custom_padding=\u00a0\u00bb|||\u00a0\u00bb custom_padding__hover=\u00a0\u00bb|||\u00a0\u00bb][et_pb_slider _builder_version=\u00a0\u00bb3.26.6&Prime; background_color=\u00a0\u00bb#8f8f8f\u00a0\u00bb][et_pb_slide heading=\u00a0\u00bbMlle Marie Louise PIRE\u00a0\u00bb button_text=\u00a0\u00bbClics\u00a0\u00bb _builder_version=\u00a0\u00bb3.26.6&Prime;]<\/p>\n<p><img loading=\"lazy\" src=\"http:\/\/www.mariepire.fr\/wp-content\/uploads\/Image1-2-218x300.jpg\" width=\"218\" height=\"300\" alt=\"\" class=\"wp-image-717 alignnone size-medium\" srcset=\"http:\/\/www.mariepire.fr\/wp-content\/uploads\/Image1-2-218x300.jpg 218w, http:\/\/www.mariepire.fr\/wp-content\/uploads\/Image1-2.jpg 247w\" sizes=\"(max-width: 218px) 100vw, 218px\" \/><\/p>\n<p>[\/et_pb_slide][et_pb_slide heading=\u00a0\u00bbCAT 1972&Prime; button_text=\u00a0\u00bbClics\u00a0\u00bb _builder_version=\u00a0\u00bb3.26.6&Prime;]<\/p>\n<p><img loading=\"lazy\" src=\"http:\/\/www.mariepire.fr\/wp-content\/uploads\/cat-1972-small-300x227.jpg\" width=\"300\" height=\"227\" alt=\"\" class=\"wp-image-719 alignnone size-medium\" srcset=\"http:\/\/www.mariepire.fr\/wp-content\/uploads\/cat-1972-small-300x227.jpg 300w, http:\/\/www.mariepire.fr\/wp-content\/uploads\/cat-1972-small.jpg 550w\" sizes=\"(max-width: 300px) 100vw, 300px\" \/><\/p>\n<p>[\/et_pb_slide][et_pb_slide heading=\u00a0\u00bbInauguration IMP 5 mai 1970&Prime; button_text=\u00a0\u00bbClics\u00a0\u00bb _builder_version=\u00a0\u00bb3.26.6&Prime;]<\/p>\n<p><img loading=\"lazy\" src=\"http:\/\/www.mariepire.fr\/wp-content\/uploads\/Inauguration-de-lIMP-5-mai-1970-300x215.jpg\" width=\"300\" height=\"215\" alt=\"\" class=\"wp-image-721 alignnone size-medium\" srcset=\"http:\/\/www.mariepire.fr\/wp-content\/uploads\/Inauguration-de-lIMP-5-mai-1970-300x215.jpg 300w, http:\/\/www.mariepire.fr\/wp-content\/uploads\/Inauguration-de-lIMP-5-mai-1970-768x551.jpg 768w, http:\/\/www.mariepire.fr\/wp-content\/uploads\/Inauguration-de-lIMP-5-mai-1970-1024x735.jpg 1024w, http:\/\/www.mariepire.fr\/wp-content\/uploads\/Inauguration-de-lIMP-5-mai-1970-1080x775.jpg 1080w\" sizes=\"(max-width: 300px) 100vw, 300px\" \/><\/p>\n<p>[\/et_pb_slide][\/et_pb_slider][\/et_pb_column][\/et_pb_row][\/et_pb_section]<\/p>\n","protected":false},"excerpt":{"rendered":"<p>[et_pb_section fb_built=\u00a0\u00bb1&Prime; _builder_version=\u00a0\u00bb3.22&Prime; use_background_color_gradient=\u00a0\u00bbon\u00a0\u00bb background_color_gradient_start=\u00a0\u00bb#47529c\u00a0\u00bb background_color_gradient_end=\u00a0\u00bb#55a3dd\u00a0\u00bb][et_pb_row _builder_version=\u00a0\u00bb3.25&Prime;][et_pb_column type=\u00a0\u00bb4_4&Prime; _builder_version=\u00a0\u00bb3.25&Prime; custom_padding=\u00a0\u00bb|||\u00a0\u00bb custom_padding__hover=\u00a0\u00bb|||\u00a0\u00bb][et_pb_post_title meta=\u00a0\u00bboff\u00a0\u00bb featured_image=\u00a0\u00bboff\u00a0\u00bb text_color=\u00a0\u00bblight\u00a0\u00bb _builder_version=\u00a0\u00bb3.2.2&Prime; title_font_size=\u00a0\u00bb60px\u00a0\u00bb][\/et_pb_post_title][\/et_pb_column][\/et_pb_row][\/et_pb_section][et_pb_section fb_built=\u00a0\u00bb1&Prime; _builder_version=\u00a0\u00bb3.22&Prime;][et_pb_row column_structure=\u00a0\u00bb1_2,1_2&Prime; _builder_version=\u00a0\u00bb3.25&Prime; background_size=\u00a0\u00bbinitial\u00a0\u00bb background_position=\u00a0\u00bbtop_left\u00a0\u00bb background_repeat=\u00a0\u00bbrepeat\u00a0\u00bb][et_pb_column type=\u00a0\u00bb1_2&Prime; _builder_version=\u00a0\u00bb3.25&Prime; custom_padding=\u00a0\u00bb|||\u00a0\u00bb custom_padding__hover=\u00a0\u00bb|||\u00a0\u00bb][et_pb_text _builder_version=\u00a0\u00bb3.2.2&Prime;] En 1918 &#8230;.des orphelins bless\u00e9s de la guerre accueillis par Mademoiselle Marie PIRE, fondatrice de l\u2019Association En 1968 un centre pour tuberculeux &#8230; puis un \u00e9tablissement d\u2019accueil [&hellip;]<\/p>\n","protected":false},"author":4,"featured_media":0,"parent":0,"menu_order":0,"comment_status":"closed","ping_status":"closed","template":"","meta":{"_et_pb_use_builder":"on","_et_pb_old_content":"<div class=\"page\" title=\"Page 5\"><div class=\"section\"><div class=\"layoutArea\"><div class=\"column\"><ul><li>En 1918 ....des orphelins bless\u00e9s de la guerre accueillis par Mademoiselle Marie PIRE, fondatrice de l\u2019Association<\/li><li>En 1968 un centre pour tuberculeux ... puis un \u00e9tablissement d\u2019accueil pour enfants et adolescents d\u00e9ficients mentaux ...<\/li><li>En 1972 cr\u00e9ation d\u2019un ESAT,<\/li><li>En 1988 un FAS voit le jour \u00e0 Riespach<\/li><li>En 1990 cr\u00e9ation d\u2019une section Espace Verts au sein du ESAT,<\/li><li>En 1992 le Si\u00e8ge de l\u2019Association obtient un agr\u00e9ment et s\u2019installe \u00e0 Altkirch,<\/li><li>En 2002, cr\u00e9ation du CARJA \u00e0 Altkirch et de la MAS \u00e0 Riespach,<\/li><li>En 2009 cr\u00e9ation de la FASPHV et d\u2019un FAHT,<\/li><li>En 2009, cr\u00e9ation de la blanchisserie au sein de l\u2019ESAT,<\/li><li>En 2010 ouverture d\u2019une extension du FAS sur Altkirch, et int\u00e9gration du\u00a0CARJA,<\/li><li>En 2011, ouverture d\u2019une Cuisine Centrale et d\u2019un Resto\u2019Self \u00e0 Altkirch,\u00a0section suppl\u00e9mentaire pour l\u2019ESAT,<\/li><li>En 2014, cr\u00e9ation d\u2019un P\u00f4le de Formations et d\u2019Echanges P\u00f4lEtamine,<\/li><\/ul><\/div><\/div><\/div><\/div>","_et_gb_content_width":""},"yoast_head":"<!-- This site is optimized with the Yoast SEO plugin v15.7 - https:\/\/yoast.com\/wordpress\/plugins\/seo\/ -->\n<title>En quelques dates - Association Marie Pire<\/title>\n<meta name=\"robots\" content=\"index, follow, max-snippet:-1, max-image-preview:large, max-video-preview:-1\" \/>\n<link rel=\"canonical\" href=\"http:\/\/www.mariepire.fr\/index.php\/en-quelques-dates\/\" \/>\n<meta property=\"og:locale\" content=\"fr_FR\" \/>\n<meta property=\"og:type\" content=\"article\" \/>\n<meta property=\"og:title\" content=\"En quelques dates - Association Marie Pire\" \/>\n<meta property=\"og:description\" content=\"[et_pb_section fb_built=\u00a0\u00bb1&Prime; _builder_version=\u00a0\u00bb3.22&Prime; use_background_color_gradient=\u00a0\u00bbon\u00a0\u00bb background_color_gradient_start=\u00a0\u00bb#47529c\u00a0\u00bb background_color_gradient_end=\u00a0\u00bb#55a3dd\u00a0\u00bb][et_pb_row _builder_version=\u00a0\u00bb3.25&Prime;][et_pb_column type=\u00a0\u00bb4_4&Prime; _builder_version=\u00a0\u00bb3.25&Prime; custom_padding=\u00a0\u00bb|||\u00a0\u00bb custom_padding__hover=\u00a0\u00bb|||\u00a0\u00bb][et_pb_post_title meta=\u00a0\u00bboff\u00a0\u00bb featured_image=\u00a0\u00bboff\u00a0\u00bb text_color=\u00a0\u00bblight\u00a0\u00bb _builder_version=\u00a0\u00bb3.2.2&Prime; title_font_size=\u00a0\u00bb60px\u00a0\u00bb][\/et_pb_post_title][\/et_pb_column][\/et_pb_row][\/et_pb_section][et_pb_section fb_built=\u00a0\u00bb1&Prime; _builder_version=\u00a0\u00bb3.22&Prime;][et_pb_row column_structure=\u00a0\u00bb1_2,1_2&Prime; _builder_version=\u00a0\u00bb3.25&Prime; background_size=\u00a0\u00bbinitial\u00a0\u00bb background_position=\u00a0\u00bbtop_left\u00a0\u00bb background_repeat=\u00a0\u00bbrepeat\u00a0\u00bb][et_pb_column type=\u00a0\u00bb1_2&Prime; _builder_version=\u00a0\u00bb3.25&Prime; custom_padding=\u00a0\u00bb|||\u00a0\u00bb custom_padding__hover=\u00a0\u00bb|||\u00a0\u00bb][et_pb_text _builder_version=\u00a0\u00bb3.2.2&Prime;] En 1918 &#8230;.des orphelins bless\u00e9s de la guerre accueillis par Mademoiselle Marie PIRE, fondatrice de l\u2019Association En 1968 un centre pour tuberculeux &#8230; puis un \u00e9tablissement d\u2019accueil [&hellip;]\" \/>\n<meta property=\"og:url\" content=\"http:\/\/www.mariepire.fr\/index.php\/en-quelques-dates\/\" \/>\n<meta property=\"og:site_name\" content=\"Association Marie Pire\" \/>\n<meta property=\"article:modified_time\" content=\"2019-11-12T14:11:58+00:00\" \/>\n<meta property=\"og:image\" content=\"http:\/\/www.mariepire.fr\/wp-content\/uploads\/Image1-2-218x300.jpg\" \/>\n<meta name=\"twitter:card\" content=\"summary_large_image\" \/>\n<meta name=\"twitter:label1\" content=\"Dur\u00e9e de lecture est.\">\n\t<meta name=\"twitter:data1\" content=\"2 minutes\">\n<script type=\"application\/ld+json\" class=\"yoast-schema-graph\">{\"@context\":\"https:\/\/schema.org\",\"@graph\":[{\"@type\":\"WebSite\",\"@id\":\"http:\/\/www.mariepire.fr\/#website\",\"url\":\"http:\/\/www.mariepire.fr\/\",\"name\":\"Association Marie Pire\",\"description\":\"\",\"potentialAction\":[{\"@type\":\"SearchAction\",\"target\":\"http:\/\/www.mariepire.fr\/?s={search_term_string}\",\"query-input\":\"required name=search_term_string\"}],\"inLanguage\":\"fr-FR\"},{\"@type\":\"ImageObject\",\"@id\":\"http:\/\/www.mariepire.fr\/index.php\/en-quelques-dates\/#primaryimage\",\"inLanguage\":\"fr-FR\",\"url\":\"http:\/\/www.mariepire.fr\/wp-content\/uploads\/Image1-2.jpg\",\"width\":247,\"height\":340},{\"@type\":\"WebPage\",\"@id\":\"http:\/\/www.mariepire.fr\/index.php\/en-quelques-dates\/#webpage\",\"url\":\"http:\/\/www.mariepire.fr\/index.php\/en-quelques-dates\/\",\"name\":\"En quelques dates - Association Marie Pire\",\"isPartOf\":{\"@id\":\"http:\/\/www.mariepire.fr\/#website\"},\"primaryImageOfPage\":{\"@id\":\"http:\/\/www.mariepire.fr\/index.php\/en-quelques-dates\/#primaryimage\"},\"datePublished\":\"2018-05-09T08:35:12+00:00\",\"dateModified\":\"2019-11-12T14:11:58+00:00\",\"inLanguage\":\"fr-FR\",\"potentialAction\":[{\"@type\":\"ReadAction\",\"target\":[\"http:\/\/www.mariepire.fr\/index.php\/en-quelques-dates\/\"]}]}]}<\/script>\n<!-- \/ Yoast SEO plugin. -->","_links":{"self":[{"href":"http:\/\/www.mariepire.fr\/index.php\/wp-json\/wp\/v2\/pages\/235"}],"collection":[{"href":"http:\/\/www.mariepire.fr\/index.php\/wp-json\/wp\/v2\/pages"}],"about":[{"href":"http:\/\/www.mariepire.fr\/index.php\/wp-json\/wp\/v2\/types\/page"}],"author":[{"embeddable":true,"href":"http:\/\/www.mariepire.fr\/index.php\/wp-json\/wp\/v2\/users\/4"}],"replies":[{"embeddable":true,"href":"http:\/\/www.mariepire.fr\/index.php\/wp-json\/wp\/v2\/comments?post=235"}],"version-history":[{"count":2,"href":"http:\/\/www.mariepire.fr\/index.php\/wp-json\/wp\/v2\/pages\/235\/revisions"}],"predecessor-version":[{"id":726,"href":"http:\/\/www.mariepire.fr\/index.php\/wp-json\/wp\/v2\/pages\/235\/revisions\/726"}],"wp:attachment":[{"href":"http:\/\/www.mariepire.fr\/index.php\/wp-json\/wp\/v2\/media?parent=235"}],"curies":[{"name":"wp","href":"https:\/\/api.w.org\/{rel}","templated":true}]}}