{"id":233,"date":"2018-05-09T12:01:54","date_gmt":"2018-05-09T10:01:54","guid":{"rendered":"http:\/\/idealweb.fr\/demo\/wordpress\/?page_id=233"},"modified":"2020-08-25T14:51:10","modified_gmt":"2020-08-25T12:51:10","slug":"en-quelques-chiffres","status":"publish","type":"page","link":"http:\/\/www.mariepire.fr\/index.php\/en-quelques-chiffres\/","title":{"rendered":"En quelques chiffres"},"content":{"rendered":"<p>[et_pb_section fb_built=\u00a0\u00bb1&Prime; _builder_version=\u00a0\u00bb3.22&Prime; use_background_color_gradient=\u00a0\u00bbon\u00a0\u00bb background_color_gradient_start=\u00a0\u00bb#47529c\u00a0\u00bb background_color_gradient_end=\u00a0\u00bb#55a3dd\u00a0\u00bb][et_pb_row _builder_version=\u00a0\u00bb3.25&Prime;][et_pb_column type=\u00a0\u00bb4_4&Prime; _builder_version=\u00a0\u00bb3.25&Prime; custom_padding=\u00a0\u00bb|||\u00a0\u00bb custom_padding__hover=\u00a0\u00bb|||\u00a0\u00bb][et_pb_post_title meta=\u00a0\u00bboff\u00a0\u00bb featured_image=\u00a0\u00bboff\u00a0\u00bb text_color=\u00a0\u00bblight\u00a0\u00bb _builder_version=\u00a0\u00bb3.2.2&Prime; title_font_size=\u00a0\u00bb60px\u00a0\u00bb][\/et_pb_post_title][\/et_pb_column][\/et_pb_row][\/et_pb_section][et_pb_section fb_built=\u00a0\u00bb1&Prime; _builder_version=\u00a0\u00bb3.22&Prime;][et_pb_row column_structure=\u00a0\u00bb1_2,1_2&Prime; _builder_version=\u00a0\u00bb3.25&Prime; background_size=\u00a0\u00bbinitial\u00a0\u00bb background_position=\u00a0\u00bbtop_left\u00a0\u00bb background_repeat=\u00a0\u00bbrepeat\u00a0\u00bb][et_pb_column type=\u00a0\u00bb1_2&Prime; _builder_version=\u00a0\u00bb3.25&Prime; custom_padding=\u00a0\u00bb|||\u00a0\u00bb custom_padding__hover=\u00a0\u00bb|||\u00a0\u00bb][et_pb_text _builder_version=\u00a0\u00bb3.2.2&Prime;]<\/p>\n<div class=\"page\" title=\"Page 4\">\n<div class=\"section\">\n<div class=\"layoutArea\">\n<div class=\"column\">\n<h2><strong>L\u2019Association Marie PIRE c\u2019est :<\/strong><\/h2>\n<ul>\n<li>Une association\u00a0 \u00e0 <strong>but non lucratif cr\u00e9\u00e9e sous la loi de 1908,\u00a0aujourd\u2019hui du ressort du droit local<\/strong>,<\/li>\n<li>Une grande histoire &#8230; depuis <strong>1918<\/strong>,<\/li>\n<li>De tout temps s\u2019est <strong>pr\u00e9occup\u00e9e de l\u2019individu <\/strong><strong>en difficult\u00e9<\/strong>,<\/li>\n<li>Aujourd\u2019hui compte <strong>pr\u00e8s de 200 salari\u00e9s<\/strong>,<\/li>\n<li>G\u00e8re <strong>10 \u00e9tablissements m\u00e9dico-sociaux<\/strong>, accueillant plus <strong>de 200 personnes handicap\u00e9es <\/strong>et <strong>110 travailleurs handicap\u00e9s<\/strong>,<\/li>\n<li>G\u00e8re une enveloppe budg\u00e9taire de <strong>17 Millions <\/strong>d\u2019euros,<\/li>\n<li><strong>Int\u00e9gr\u00e9e dans des r\u00e9seaux locaux, nationaux, et internationaux<\/strong>,<\/li>\n<li>Toujours dans une d\u00e9marche <strong>d\u2019asseoir ses acquis <\/strong>et <strong>de se d\u00e9velopper vers de nouvelles perspectives <\/strong><strong>d\u2019avenir<\/strong>, toujours au b\u00e9n\u00e9fice <strong>des personnes handicap\u00e9es<\/strong>.<\/li>\n<\/ul>\n<\/div>\n<\/div>\n<\/div>\n<\/div>\n<p>[\/et_pb_text][\/et_pb_column][et_pb_column type=\u00a0\u00bb1_2&Prime; _builder_version=\u00a0\u00bb3.25&Prime; custom_padding=\u00a0\u00bb|||\u00a0\u00bb custom_padding__hover=\u00a0\u00bb|||\u00a0\u00bb][et_pb_gallery gallery_ids=\u00a0\u00bb728,731,724,732,733&Prime; _builder_version=\u00a0\u00bb3.26.6&Prime;][\/et_pb_gallery][\/et_pb_column][\/et_pb_row][\/et_pb_section]<\/p>\n","protected":false},"excerpt":{"rendered":"<p>[et_pb_section fb_built=\u00a0\u00bb1&Prime; _builder_version=\u00a0\u00bb3.22&Prime; use_background_color_gradient=\u00a0\u00bbon\u00a0\u00bb background_color_gradient_start=\u00a0\u00bb#47529c\u00a0\u00bb background_color_gradient_end=\u00a0\u00bb#55a3dd\u00a0\u00bb][et_pb_row _builder_version=\u00a0\u00bb3.25&Prime;][et_pb_column type=\u00a0\u00bb4_4&Prime; _builder_version=\u00a0\u00bb3.25&Prime; custom_padding=\u00a0\u00bb|||\u00a0\u00bb custom_padding__hover=\u00a0\u00bb|||\u00a0\u00bb][et_pb_post_title meta=\u00a0\u00bboff\u00a0\u00bb featured_image=\u00a0\u00bboff\u00a0\u00bb text_color=\u00a0\u00bblight\u00a0\u00bb _builder_version=\u00a0\u00bb3.2.2&Prime; title_font_size=\u00a0\u00bb60px\u00a0\u00bb][\/et_pb_post_title][\/et_pb_column][\/et_pb_row][\/et_pb_section][et_pb_section fb_built=\u00a0\u00bb1&Prime; _builder_version=\u00a0\u00bb3.22&Prime;][et_pb_row column_structure=\u00a0\u00bb1_2,1_2&Prime; _builder_version=\u00a0\u00bb3.25&Prime; background_size=\u00a0\u00bbinitial\u00a0\u00bb background_position=\u00a0\u00bbtop_left\u00a0\u00bb background_repeat=\u00a0\u00bbrepeat\u00a0\u00bb][et_pb_column type=\u00a0\u00bb1_2&Prime; _builder_version=\u00a0\u00bb3.25&Prime; custom_padding=\u00a0\u00bb|||\u00a0\u00bb custom_padding__hover=\u00a0\u00bb|||\u00a0\u00bb][et_pb_text _builder_version=\u00a0\u00bb3.2.2&Prime;] L\u2019Association Marie PIRE c\u2019est : Une association\u00a0 \u00e0 but non lucratif cr\u00e9\u00e9e sous la loi de 1908,\u00a0aujourd\u2019hui du ressort du droit local, Une grande histoire &#8230; depuis [&hellip;]<\/p>\n","protected":false},"author":4,"featured_media":0,"parent":0,"menu_order":0,"comment_status":"closed","ping_status":"closed","template":"","meta":{"_et_pb_use_builder":"on","_et_pb_old_content":"<div class=\"page\" title=\"Page 4\"><div class=\"section\"><div class=\"layoutArea\"><div class=\"column\"><h2><strong>L\u2019Association Marie PIRE c\u2019est :<\/strong><\/h2><ul><li>Une association \u00e0 <strong>but non lucratif cr\u00e9\u00e9e sous la loi de 1908,\u00a0aujourd\u2019hui du ressort du droit local<\/strong>,<\/li><li>Une grande histoire ... depuis <strong>1918<\/strong>,<\/li><li>De tout temps s\u2019est <strong>pr\u00e9occup\u00e9e de l\u2019individu <\/strong><strong>en difficult\u00e9<\/strong>,<\/li><li>Aujourd\u2019hui compte <strong>pr\u00e8s de 200 salari\u00e9s<\/strong>,<\/li><li>G\u00e8re <strong>10 \u00e9tablissements m\u00e9dico-sociaux<\/strong>, accueillant plus <strong>de 200 personnes handicap\u00e9es <\/strong>et <strong>110 travailleurs handicap\u00e9s<\/strong>,<\/li><li>G\u00e8re une enveloppe budg\u00e9taire de <strong>17 Millions <\/strong>d\u2019euros,<\/li><li><strong>Int\u00e9gr\u00e9e dans des r\u00e9seaux locaux, nationaux, et internationaux<\/strong>,<\/li><li>Toujours dans une d\u00e9marche <strong>d\u2019asseoir ses acquis <\/strong>et <strong>de se d\u00e9velopper vers de nouvelles perspectives <\/strong><strong>d\u2019avenir<\/strong>, toujours au b\u00e9n\u00e9fice <strong>des personnes handicap\u00e9es<\/strong>.<\/li><\/ul><\/div><\/div><\/div><\/div>","_et_gb_content_width":""},"yoast_head":"<!-- This site is optimized with the Yoast SEO plugin v15.7 - https:\/\/yoast.com\/wordpress\/plugins\/seo\/ -->\n<title>En quelques chiffres - Association Marie Pire<\/title>\n<meta name=\"robots\" content=\"index, follow, max-snippet:-1, max-image-preview:large, max-video-preview:-1\" \/>\n<link rel=\"canonical\" href=\"http:\/\/www.mariepire.fr\/index.php\/en-quelques-chiffres\/\" \/>\n<meta property=\"og:locale\" content=\"fr_FR\" \/>\n<meta property=\"og:type\" content=\"article\" \/>\n<meta property=\"og:title\" content=\"En quelques chiffres - Association Marie Pire\" \/>\n<meta property=\"og:description\" content=\"[et_pb_section fb_built=\u00a0\u00bb1&Prime; _builder_version=\u00a0\u00bb3.22&Prime; use_background_color_gradient=\u00a0\u00bbon\u00a0\u00bb background_color_gradient_start=\u00a0\u00bb#47529c\u00a0\u00bb background_color_gradient_end=\u00a0\u00bb#55a3dd\u00a0\u00bb][et_pb_row _builder_version=\u00a0\u00bb3.25&Prime;][et_pb_column type=\u00a0\u00bb4_4&Prime; _builder_version=\u00a0\u00bb3.25&Prime; custom_padding=\u00a0\u00bb|||\u00a0\u00bb custom_padding__hover=\u00a0\u00bb|||\u00a0\u00bb][et_pb_post_title meta=\u00a0\u00bboff\u00a0\u00bb featured_image=\u00a0\u00bboff\u00a0\u00bb text_color=\u00a0\u00bblight\u00a0\u00bb _builder_version=\u00a0\u00bb3.2.2&Prime; title_font_size=\u00a0\u00bb60px\u00a0\u00bb][\/et_pb_post_title][\/et_pb_column][\/et_pb_row][\/et_pb_section][et_pb_section fb_built=\u00a0\u00bb1&Prime; _builder_version=\u00a0\u00bb3.22&Prime;][et_pb_row column_structure=\u00a0\u00bb1_2,1_2&Prime; _builder_version=\u00a0\u00bb3.25&Prime; background_size=\u00a0\u00bbinitial\u00a0\u00bb background_position=\u00a0\u00bbtop_left\u00a0\u00bb background_repeat=\u00a0\u00bbrepeat\u00a0\u00bb][et_pb_column type=\u00a0\u00bb1_2&Prime; _builder_version=\u00a0\u00bb3.25&Prime; custom_padding=\u00a0\u00bb|||\u00a0\u00bb custom_padding__hover=\u00a0\u00bb|||\u00a0\u00bb][et_pb_text _builder_version=\u00a0\u00bb3.2.2&Prime;] L\u2019Association Marie PIRE c\u2019est : Une association\u00a0 \u00e0 but non lucratif cr\u00e9\u00e9e sous la loi de 1908,\u00a0aujourd\u2019hui du ressort du droit local, Une grande histoire &#8230; depuis [&hellip;]\" \/>\n<meta property=\"og:url\" content=\"http:\/\/www.mariepire.fr\/index.php\/en-quelques-chiffres\/\" \/>\n<meta property=\"og:site_name\" content=\"Association Marie Pire\" \/>\n<meta property=\"article:modified_time\" content=\"2020-08-25T12:51:10+00:00\" \/>\n<meta name=\"twitter:card\" content=\"summary_large_image\" \/>\n<meta name=\"twitter:label1\" content=\"Dur\u00e9e de lecture est.\">\n\t<meta name=\"twitter:data1\" content=\"1 minute\">\n<script type=\"application\/ld+json\" class=\"yoast-schema-graph\">{\"@context\":\"https:\/\/schema.org\",\"@graph\":[{\"@type\":\"WebSite\",\"@id\":\"http:\/\/www.mariepire.fr\/#website\",\"url\":\"http:\/\/www.mariepire.fr\/\",\"name\":\"Association Marie Pire\",\"description\":\"\",\"potentialAction\":[{\"@type\":\"SearchAction\",\"target\":\"http:\/\/www.mariepire.fr\/?s={search_term_string}\",\"query-input\":\"required name=search_term_string\"}],\"inLanguage\":\"fr-FR\"},{\"@type\":\"WebPage\",\"@id\":\"http:\/\/www.mariepire.fr\/index.php\/en-quelques-chiffres\/#webpage\",\"url\":\"http:\/\/www.mariepire.fr\/index.php\/en-quelques-chiffres\/\",\"name\":\"En quelques chiffres - Association Marie Pire\",\"isPartOf\":{\"@id\":\"http:\/\/www.mariepire.fr\/#website\"},\"datePublished\":\"2018-05-09T10:01:54+00:00\",\"dateModified\":\"2020-08-25T12:51:10+00:00\",\"inLanguage\":\"fr-FR\",\"potentialAction\":[{\"@type\":\"ReadAction\",\"target\":[\"http:\/\/www.mariepire.fr\/index.php\/en-quelques-chiffres\/\"]}]}]}<\/script>\n<!-- \/ Yoast SEO plugin. -->","_links":{"self":[{"href":"http:\/\/www.mariepire.fr\/index.php\/wp-json\/wp\/v2\/pages\/233"}],"collection":[{"href":"http:\/\/www.mariepire.fr\/index.php\/wp-json\/wp\/v2\/pages"}],"about":[{"href":"http:\/\/www.mariepire.fr\/index.php\/wp-json\/wp\/v2\/types\/page"}],"author":[{"embeddable":true,"href":"http:\/\/www.mariepire.fr\/index.php\/wp-json\/wp\/v2\/users\/4"}],"replies":[{"embeddable":true,"href":"http:\/\/www.mariepire.fr\/index.php\/wp-json\/wp\/v2\/comments?post=233"}],"version-history":[{"count":4,"href":"http:\/\/www.mariepire.fr\/index.php\/wp-json\/wp\/v2\/pages\/233\/revisions"}],"predecessor-version":[{"id":883,"href":"http:\/\/www.mariepire.fr\/index.php\/wp-json\/wp\/v2\/pages\/233\/revisions\/883"}],"wp:attachment":[{"href":"http:\/\/www.mariepire.fr\/index.php\/wp-json\/wp\/v2\/media?parent=233"}],"curies":[{"name":"wp","href":"https:\/\/api.w.org\/{rel}","templated":true}]}}